{"id":1325,"date":"2024-11-04T16:56:43","date_gmt":"2024-11-04T15:56:43","guid":{"rendered":"https:\/\/nein-zur-bezahlkarte.de\/non-a-la-carte-de-paiement-dans-le-brandebourg-et-partout-ailleurs\/"},"modified":"2025-02-04T09:37:33","modified_gmt":"2025-02-04T08:37:33","slug":"non-a-la-carte-de-paiement-dans-le-brandebourg-et-partout-ailleurs","status":"publish","type":"page","link":"https:\/\/nein-zur-bezahlkarte.de\/fr\/non-a-la-carte-de-paiement-dans-le-brandebourg-et-partout-ailleurs\/","title":{"rendered":"Non \u00e0 la carte de paiement dans le Brandebourg et partout ailleurs"},"content":{"rendered":"\n<div class=\"wp-block-group alignfull has-background has-global-padding is-layout-constrained wp-container-core-group-is-layout-669513ed wp-block-group-is-layout-constrained\" style=\"background-color:#e1a20e;min-height:100vh;margin-top:0;margin-bottom:0;padding-top:var(--wp--preset--spacing--50);padding-right:var(--wp--preset--spacing--50);padding-bottom:var(--wp--preset--spacing--50);padding-left:var(--wp--preset--spacing--50)\">\n<div class=\"wp-block-group alignwide has-global-padding is-layout-constrained wp-block-group-is-layout-constrained\">\n<div class=\"wp-block-columns alignwide are-vertically-aligned-center is-layout-flex wp-container-core-columns-is-layout-47c06fe3 wp-block-columns-is-layout-flex\">\n<div class=\"wp-block-column is-vertically-aligned-center is-layout-flow wp-block-column-is-layout-flow\" style=\"flex-basis:40%\">\n<div class=\"wp-block-group is-layout-flow wp-container-core-group-is-layout-8f7ed23f wp-block-group-is-layout-flow\" style=\"min-height:100%;margin-top:0;margin-bottom:0;padding-right:0;padding-left:0\">\n<h2 class=\"wp-block-heading has-text-align-right\" style=\"margin-right:0;margin-left:calc( var(--wp--preset--spacing--20) * -1);font-size:clamp(3.909rem, 3.909rem + ((1vw - 0.2rem) * 6.888), 8.3rem);line-height:1;writing-mode:vertical-rl\">Site web \u00e0 venir<\/h2>\n\n\n\n<div class=\"wp-block-group has-global-padding is-content-justification-left is-layout-constrained wp-container-core-group-is-layout-0207514c wp-block-group-is-layout-constrained\" style=\"padding-right:0;padding-left:0\">\n<p><\/p>\n\n\n\n<p class=\"has-text-align-left has-large-font-size wp-container-content-0733e5d0\">Le site est actuellement en cours d&rsquo;\u00e9laboration  <\/p>\n\n\n\n<p class=\"wp-container-content-0733e5d0\" style=\"font-size:2px\">\u00e9dit\u00e9.<\/p>\n\n\n\n<p class=\"has-large-font-size wp-container-content-0733e5d0\">Nous les mettrons bient\u00f4t en ligne. Et partager l&rsquo;information via des canaux connus.<\/p>\n<\/div>\n<\/div>\n<\/div>\n\n\n\n<div class=\"wp-block-column is-vertically-aligned-top is-layout-flow wp-block-column-is-layout-flow\" style=\"flex-basis:60%\">\n<figure class=\"wp-block-image size-large is-resized is-style-rounded\"><img decoding=\"async\" src=\"https:\/\/upload.wikimedia.org\/wikipedia\/commons\/4\/42\/%22Refugees_Welcome%22_Sign_along_Malet_Street.jpg\" alt=\"Stencil peint &#xE0; la bombe sur un mur gris. Une famille en fuite, Refugees en haut, Welcome en bas&#10;\" style=\"aspect-ratio:1;object-fit:cover;width:611px;height:auto\"\/><\/figure>\n<\/div>\n<\/div>\n<\/div>\n<\/div>\n\n<div class=\"wp-block-columns is-layout-flex wp-container-core-columns-is-layout-28f84493 wp-block-columns-is-layout-flex\">\n<div class=\"wp-block-column is-layout-flow wp-block-column-is-layout-flow\" style=\"flex-basis:100%\"><\/div>\n<\/div>\n\n<p><\/p>\n","protected":false},"excerpt":{"rendered":"<p>Site web \u00e0 venir Le site est actuellement en cours d&rsquo;\u00e9laboration \u00e9dit\u00e9. Nous les mettrons bient\u00f4t en ligne. Et partager l&rsquo;information via des canaux connus.<\/p>\n","protected":false},"author":2,"featured_media":0,"parent":0,"menu_order":0,"comment_status":"closed","ping_status":"closed","template":"","meta":{"footnotes":""},"class_list":["post-1325","page","type-page","status-publish","hentry"],"yoast_head":"<!-- This site is optimized with the Yoast SEO plugin v26.4 - https:\/\/yoast.com\/wordpress\/plugins\/seo\/ -->\n<title>Non \u00e0 la carte de paiement dans le Brandebourg et partout ailleurs - Wir sagen Nein zur Bezahlkarte<\/title>\n<meta name=\"robots\" content=\"index, follow, max-snippet:-1, max-image-preview:large, max-video-preview:-1\" \/>\n<link rel=\"canonical\" href=\"https:\/\/nein-zur-bezahlkarte.de\/fr\/non-a-la-carte-de-paiement-dans-le-brandebourg-et-partout-ailleurs\/\" \/>\n<meta property=\"og:locale\" content=\"fr_FR\" \/>\n<meta property=\"og:type\" content=\"article\" \/>\n<meta property=\"og:title\" content=\"Non \u00e0 la carte de paiement dans le Brandebourg et partout ailleurs - Wir sagen Nein zur Bezahlkarte\" \/>\n<meta property=\"og:description\" content=\"Site web \u00e0 venir Le site est actuellement en cours d&rsquo;\u00e9laboration \u00e9dit\u00e9. Nous les mettrons bient\u00f4t en ligne. Et partager l&rsquo;information via des canaux connus.\" \/>\n<meta property=\"og:url\" content=\"https:\/\/nein-zur-bezahlkarte.de\/fr\/non-a-la-carte-de-paiement-dans-le-brandebourg-et-partout-ailleurs\/\" \/>\n<meta property=\"og:site_name\" content=\"Wir sagen Nein zur Bezahlkarte\" \/>\n<meta property=\"article:modified_time\" content=\"2025-02-04T08:37:33+00:00\" \/>\n<meta property=\"og:image\" content=\"https:\/\/upload.wikimedia.org\/wikipedia\/commons\/4\/42\/%22Refugees_Welcome%22_Sign_along_Malet_Street.jpg\" \/>\n<meta name=\"twitter:card\" content=\"summary_large_image\" \/>\n<script type=\"application\/ld+json\" class=\"yoast-schema-graph\">{\"@context\":\"https:\/\/schema.org\",\"@graph\":[{\"@type\":\"WebPage\",\"@id\":\"https:\/\/nein-zur-bezahlkarte.de\/fr\/non-a-la-carte-de-paiement-dans-le-brandebourg-et-partout-ailleurs\/\",\"url\":\"https:\/\/nein-zur-bezahlkarte.de\/fr\/non-a-la-carte-de-paiement-dans-le-brandebourg-et-partout-ailleurs\/\",\"name\":\"Non \u00e0 la carte de paiement dans le Brandebourg et partout ailleurs - Wir sagen Nein zur Bezahlkarte\",\"isPartOf\":{\"@id\":\"https:\/\/nein-zur-bezahlkarte.de\/fr\/#website\"},\"primaryImageOfPage\":{\"@id\":\"https:\/\/nein-zur-bezahlkarte.de\/fr\/non-a-la-carte-de-paiement-dans-le-brandebourg-et-partout-ailleurs\/#primaryimage\"},\"image\":{\"@id\":\"https:\/\/nein-zur-bezahlkarte.de\/fr\/non-a-la-carte-de-paiement-dans-le-brandebourg-et-partout-ailleurs\/#primaryimage\"},\"thumbnailUrl\":\"https:\/\/upload.wikimedia.org\/wikipedia\/commons\/4\/42\/%22Refugees_Welcome%22_Sign_along_Malet_Street.jpg\",\"datePublished\":\"2024-11-04T15:56:43+00:00\",\"dateModified\":\"2025-02-04T08:37:33+00:00\",\"breadcrumb\":{\"@id\":\"https:\/\/nein-zur-bezahlkarte.de\/fr\/non-a-la-carte-de-paiement-dans-le-brandebourg-et-partout-ailleurs\/#breadcrumb\"},\"inLanguage\":\"fr-FR\",\"potentialAction\":[{\"@type\":\"ReadAction\",\"target\":[\"https:\/\/nein-zur-bezahlkarte.de\/fr\/non-a-la-carte-de-paiement-dans-le-brandebourg-et-partout-ailleurs\/\"]}]},{\"@type\":\"ImageObject\",\"inLanguage\":\"fr-FR\",\"@id\":\"https:\/\/nein-zur-bezahlkarte.de\/fr\/non-a-la-carte-de-paiement-dans-le-brandebourg-et-partout-ailleurs\/#primaryimage\",\"url\":\"https:\/\/upload.wikimedia.org\/wikipedia\/commons\/4\/42\/%22Refugees_Welcome%22_Sign_along_Malet_Street.jpg\",\"contentUrl\":\"https:\/\/upload.wikimedia.org\/wikipedia\/commons\/4\/42\/%22Refugees_Welcome%22_Sign_along_Malet_Street.jpg\"},{\"@type\":\"BreadcrumbList\",\"@id\":\"https:\/\/nein-zur-bezahlkarte.de\/fr\/non-a-la-carte-de-paiement-dans-le-brandebourg-et-partout-ailleurs\/#breadcrumb\",\"itemListElement\":[{\"@type\":\"ListItem\",\"position\":1,\"name\":\"Startseite\",\"item\":\"https:\/\/nein-zur-bezahlkarte.de\/fr\/\"},{\"@type\":\"ListItem\",\"position\":2,\"name\":\"Non \u00e0 la carte de paiement dans le Brandebourg et partout ailleurs\"}]},{\"@type\":\"WebSite\",\"@id\":\"https:\/\/nein-zur-bezahlkarte.de\/fr\/#website\",\"url\":\"https:\/\/nein-zur-bezahlkarte.de\/fr\/\",\"name\":\"Wir sagen Nein zur Bezahlkarte\",\"description\":\"Impressum\",\"publisher\":{\"@id\":\"https:\/\/nein-zur-bezahlkarte.de\/fr\/#organization\"},\"potentialAction\":[{\"@type\":\"SearchAction\",\"target\":{\"@type\":\"EntryPoint\",\"urlTemplate\":\"https:\/\/nein-zur-bezahlkarte.de\/fr\/?s={search_term_string}\"},\"query-input\":{\"@type\":\"PropertyValueSpecification\",\"valueRequired\":true,\"valueName\":\"search_term_string\"}}],\"inLanguage\":\"fr-FR\"},{\"@type\":\"Organization\",\"@id\":\"https:\/\/nein-zur-bezahlkarte.de\/fr\/#organization\",\"name\":\"Wir sagen Nein zur Bezahlkarte\",\"url\":\"https:\/\/nein-zur-bezahlkarte.de\/fr\/\",\"logo\":{\"@type\":\"ImageObject\",\"inLanguage\":\"fr-FR\",\"@id\":\"https:\/\/nein-zur-bezahlkarte.de\/fr\/#\/schema\/logo\/image\/\",\"url\":\"https:\/\/nein-zur-bezahlkarte.de\/wp-content\/uploads\/2024\/11\/BZHLKRT_Logo_Vektoren_BRNDNBRG_Gelb.png\",\"contentUrl\":\"https:\/\/nein-zur-bezahlkarte.de\/wp-content\/uploads\/2024\/11\/BZHLKRT_Logo_Vektoren_BRNDNBRG_Gelb.png\",\"width\":5000,\"height\":5000,\"caption\":\"Wir sagen Nein zur Bezahlkarte\"},\"image\":{\"@id\":\"https:\/\/nein-zur-bezahlkarte.de\/fr\/#\/schema\/logo\/image\/\"}}]}<\/script>\n<!-- \/ Yoast SEO plugin. -->","yoast_head_json":{"title":"Non \u00e0 la carte de paiement dans le Brandebourg et partout ailleurs - Wir sagen Nein zur Bezahlkarte","robots":{"index":"index","follow":"follow","max-snippet":"max-snippet:-1","max-image-preview":"max-image-preview:large","max-video-preview":"max-video-preview:-1"},"canonical":"https:\/\/nein-zur-bezahlkarte.de\/fr\/non-a-la-carte-de-paiement-dans-le-brandebourg-et-partout-ailleurs\/","og_locale":"fr_FR","og_type":"article","og_title":"Non \u00e0 la carte de paiement dans le Brandebourg et partout ailleurs - Wir sagen Nein zur Bezahlkarte","og_description":"Site web \u00e0 venir Le site est actuellement en cours d&rsquo;\u00e9laboration \u00e9dit\u00e9. Nous les mettrons bient\u00f4t en ligne. Et partager l&rsquo;information via des canaux connus.","og_url":"https:\/\/nein-zur-bezahlkarte.de\/fr\/non-a-la-carte-de-paiement-dans-le-brandebourg-et-partout-ailleurs\/","og_site_name":"Wir sagen Nein zur Bezahlkarte","article_modified_time":"2025-02-04T08:37:33+00:00","og_image":[{"url":"https:\/\/upload.wikimedia.org\/wikipedia\/commons\/4\/42\/%22Refugees_Welcome%22_Sign_along_Malet_Street.jpg","type":"","width":"","height":""}],"twitter_card":"summary_large_image","schema":{"@context":"https:\/\/schema.org","@graph":[{"@type":"WebPage","@id":"https:\/\/nein-zur-bezahlkarte.de\/fr\/non-a-la-carte-de-paiement-dans-le-brandebourg-et-partout-ailleurs\/","url":"https:\/\/nein-zur-bezahlkarte.de\/fr\/non-a-la-carte-de-paiement-dans-le-brandebourg-et-partout-ailleurs\/","name":"Non \u00e0 la carte de paiement dans le Brandebourg et partout ailleurs - Wir sagen Nein zur Bezahlkarte","isPartOf":{"@id":"https:\/\/nein-zur-bezahlkarte.de\/fr\/#website"},"primaryImageOfPage":{"@id":"https:\/\/nein-zur-bezahlkarte.de\/fr\/non-a-la-carte-de-paiement-dans-le-brandebourg-et-partout-ailleurs\/#primaryimage"},"image":{"@id":"https:\/\/nein-zur-bezahlkarte.de\/fr\/non-a-la-carte-de-paiement-dans-le-brandebourg-et-partout-ailleurs\/#primaryimage"},"thumbnailUrl":"https:\/\/upload.wikimedia.org\/wikipedia\/commons\/4\/42\/%22Refugees_Welcome%22_Sign_along_Malet_Street.jpg","datePublished":"2024-11-04T15:56:43+00:00","dateModified":"2025-02-04T08:37:33+00:00","breadcrumb":{"@id":"https:\/\/nein-zur-bezahlkarte.de\/fr\/non-a-la-carte-de-paiement-dans-le-brandebourg-et-partout-ailleurs\/#breadcrumb"},"inLanguage":"fr-FR","potentialAction":[{"@type":"ReadAction","target":["https:\/\/nein-zur-bezahlkarte.de\/fr\/non-a-la-carte-de-paiement-dans-le-brandebourg-et-partout-ailleurs\/"]}]},{"@type":"ImageObject","inLanguage":"fr-FR","@id":"https:\/\/nein-zur-bezahlkarte.de\/fr\/non-a-la-carte-de-paiement-dans-le-brandebourg-et-partout-ailleurs\/#primaryimage","url":"https:\/\/upload.wikimedia.org\/wikipedia\/commons\/4\/42\/%22Refugees_Welcome%22_Sign_along_Malet_Street.jpg","contentUrl":"https:\/\/upload.wikimedia.org\/wikipedia\/commons\/4\/42\/%22Refugees_Welcome%22_Sign_along_Malet_Street.jpg"},{"@type":"BreadcrumbList","@id":"https:\/\/nein-zur-bezahlkarte.de\/fr\/non-a-la-carte-de-paiement-dans-le-brandebourg-et-partout-ailleurs\/#breadcrumb","itemListElement":[{"@type":"ListItem","position":1,"name":"Startseite","item":"https:\/\/nein-zur-bezahlkarte.de\/fr\/"},{"@type":"ListItem","position":2,"name":"Non \u00e0 la carte de paiement dans le Brandebourg et partout ailleurs"}]},{"@type":"WebSite","@id":"https:\/\/nein-zur-bezahlkarte.de\/fr\/#website","url":"https:\/\/nein-zur-bezahlkarte.de\/fr\/","name":"Wir sagen Nein zur Bezahlkarte","description":"Impressum","publisher":{"@id":"https:\/\/nein-zur-bezahlkarte.de\/fr\/#organization"},"potentialAction":[{"@type":"SearchAction","target":{"@type":"EntryPoint","urlTemplate":"https:\/\/nein-zur-bezahlkarte.de\/fr\/?s={search_term_string}"},"query-input":{"@type":"PropertyValueSpecification","valueRequired":true,"valueName":"search_term_string"}}],"inLanguage":"fr-FR"},{"@type":"Organization","@id":"https:\/\/nein-zur-bezahlkarte.de\/fr\/#organization","name":"Wir sagen Nein zur Bezahlkarte","url":"https:\/\/nein-zur-bezahlkarte.de\/fr\/","logo":{"@type":"ImageObject","inLanguage":"fr-FR","@id":"https:\/\/nein-zur-bezahlkarte.de\/fr\/#\/schema\/logo\/image\/","url":"https:\/\/nein-zur-bezahlkarte.de\/wp-content\/uploads\/2024\/11\/BZHLKRT_Logo_Vektoren_BRNDNBRG_Gelb.png","contentUrl":"https:\/\/nein-zur-bezahlkarte.de\/wp-content\/uploads\/2024\/11\/BZHLKRT_Logo_Vektoren_BRNDNBRG_Gelb.png","width":5000,"height":5000,"caption":"Wir sagen Nein zur Bezahlkarte"},"image":{"@id":"https:\/\/nein-zur-bezahlkarte.de\/fr\/#\/schema\/logo\/image\/"}}]}},"_links":{"self":[{"href":"https:\/\/nein-zur-bezahlkarte.de\/fr\/wp-json\/wp\/v2\/pages\/1325","targetHints":{"allow":["GET"]}}],"collection":[{"href":"https:\/\/nein-zur-bezahlkarte.de\/fr\/wp-json\/wp\/v2\/pages"}],"about":[{"href":"https:\/\/nein-zur-bezahlkarte.de\/fr\/wp-json\/wp\/v2\/types\/page"}],"author":[{"embeddable":true,"href":"https:\/\/nein-zur-bezahlkarte.de\/fr\/wp-json\/wp\/v2\/users\/2"}],"replies":[{"embeddable":true,"href":"https:\/\/nein-zur-bezahlkarte.de\/fr\/wp-json\/wp\/v2\/comments?post=1325"}],"version-history":[{"count":1,"href":"https:\/\/nein-zur-bezahlkarte.de\/fr\/wp-json\/wp\/v2\/pages\/1325\/revisions"}],"predecessor-version":[{"id":1326,"href":"https:\/\/nein-zur-bezahlkarte.de\/fr\/wp-json\/wp\/v2\/pages\/1325\/revisions\/1326"}],"wp:attachment":[{"href":"https:\/\/nein-zur-bezahlkarte.de\/fr\/wp-json\/wp\/v2\/media?parent=1325"}],"curies":[{"name":"wp","href":"https:\/\/api.w.org\/{rel}","templated":true}]}}