{"id":2080,"date":"2025-02-27T16:34:30","date_gmt":"2025-02-27T15:34:30","guid":{"rendered":"https:\/\/nein-zur-bezahlkarte.de\/verification-des-faits\/"},"modified":"2025-03-03T11:07:48","modified_gmt":"2025-03-03T10:07:48","slug":"verification-des-faits","status":"publish","type":"page","link":"https:\/\/nein-zur-bezahlkarte.de\/fr\/verification-des-faits\/","title":{"rendered":"V\u00e9rification des faits"},"content":{"rendered":"\n<h2 class=\"wp-block-heading has-accent-1-background-color has-background has-large-font-size\" style=\"border-style:none;border-width:0px;border-radius:100px\"><strong>Discriminatoire, marginalisant, d\u00e9responsabilisant - C&rsquo;est pourquoi<\/strong> <strong>nous rejetons la carte de paiement :<\/strong><\/h2>\n\n<p class=\"has-large-font-size\"><br\/>Les raisons avanc\u00e9es par les responsables politiques pour justifier l&rsquo;introduction de la carte de paiement sont nombreuses. La plupart d&rsquo;entre elles n&rsquo;ont aucun fondement r\u00e9el et ne servent qu&rsquo;\u00e0 cr\u00e9er un climat populiste de droite. Nous remettons en question ces arguments et expliquons pourquoi nous sommes oppos\u00e9s \u00e0 la carte de paiement.  <\/p>\n\n<h2 class=\"wp-block-heading has-accent-1-background-color has-background has-large-font-size\" style=\"border-style:none;border-width:0px;border-radius:100px\"><strong>Les cartes de paiement sont une politique symbolique raciste<\/strong><\/h2>\n\n<p class=\"has-large-font-size\">L&rsquo;un des principaux arguments en faveur de la carte de paiement est l&rsquo;affirmation selon laquelle les personnes en fuite utilisent les prestations sociales pour payer les personnes qui les aident \u00e0 fuir ou pour envoyer de l&rsquo;argent dans leur pays d&rsquo;origine. La carte de paiement est cens\u00e9e emp\u00eacher cela. Ce d\u00e9bat est paternaliste, car personne d&rsquo;autre ne se voit dicter la mani\u00e8re dont son argent peut \u00eatre d\u00e9pens\u00e9. De plus, cette affirmation est tir\u00e9e par les cheveux, car il n&rsquo;existe pas de donn\u00e9es fiables sur les pr\u00e9tendus transferts de prestations sociales \u00e0 l&rsquo;\u00e9tranger. De toute fa\u00e7on, les prestations sociales pr\u00e9vues par la loi sur les demandeurs d&rsquo;asile sont si faibles qu&rsquo;elles ne couvrent m\u00eame pas le minimum vital.      <\/p>\n\n<p class=\"has-large-font-size\">La carte de paiement est donc une politique purement symbolique - elle est cens\u00e9e r\u00e9soudre un probl\u00e8me qui n&rsquo;existe pas en r\u00e9alit\u00e9. Pour plus d&rsquo;informations, consultez l&rsquo;<a href=\"http:\/\/dezim-institut.de\/fileadmin\/user_upload\/Demo_FIS\/publikation_pdf\/FA-6050.pdf\">avis de l&rsquo;institut DeZIM<\/a> (p. 6 et suivantes). <\/p>\n\n<h2 class=\"wp-block-heading has-accent-1-background-color has-background has-large-font-size\" style=\"border-style:none;border-width:0px;border-radius:100px\"><strong>Les cartes de paiement ne changent pas les raisons de la fuite<\/strong><\/h2>\n\n<p class=\"has-large-font-size\">Une autre affirmation est que l&rsquo;Allemagne est particuli\u00e8rement attractive en raison de ses prestations sociales et que, pour limiter la migration, les paiements en esp\u00e8ces devraient \u00eatre limit\u00e9s. Une <a href=\"http:\/\/ng\/Forschungsberichte\/fb19-warum-deutschland.html?nn=283568\">\u00e9tude de l&rsquo;Office f\u00e9d\u00e9ral des migrations et des r\u00e9fugi\u00e9s<\/a> le d\u00e9montre clairement : les prestations sociales ne sont pas une raison d\u00e9cisive pour fuir vers l&rsquo;Allemagne. Les facteurs tels que la s\u00e9curit\u00e9, les r\u00e9seaux familiaux et amicaux existants ou les perspectives \u00e9conomiques sont bien plus importants.  <\/p>\n\n<p class=\"has-accent-1-background-color has-background has-large-font-size\" style=\"border-style:none;border-width:0px;border-radius:100px\"><strong>Discriminer les cartes de paiement<\/strong><\/p>\n\n<p class=\"has-large-font-size\">Avec la carte de paiement, les retraits d&rsquo;esp\u00e8ces sont limit\u00e9s. Dans la plupart des comt\u00e9s, il n&rsquo;est plus possible de retirer que 50\u20ac par adulte et par mois. S&rsquo;il y a un besoin plus important, il faut en faire la demande et les services sociaux doivent l&rsquo;examiner de mani\u00e8re complexe et individuelle. Pourtant, de nombreuses activit\u00e9s quotidiennes - comme les achats au march\u00e9 hebdomadaire, \u00e0 la banque alimentaire, au kiosque, dans les toilettes publiques ou l&rsquo;argent de poche pour les sorties scolaires - n\u00e9cessitent de l&rsquo;argent liquide. Cela complique inutilement la vie autonome des personnes ayant une carte de paiement et limite leur participation \u00e0 la soci\u00e9t\u00e9.<\/p>\n\n<h2 class=\"wp-block-heading has-accent-1-background-color has-background has-large-font-size\" style=\"border-style:none;border-width:0px;border-radius:100px\"><strong>Les cartes de paiement limitent la libert\u00e9 de mouvement<\/strong><\/h2>\n\n<p class=\"has-large-font-size\">Dans certains endroits, la carte de paiement ne peut \u00eatre utilis\u00e9e que dans le comt\u00e9 de r\u00e9sidence et ne fonctionne pas au-del\u00e0. Cette fonction de la carte vise \u00e0 limiter de mani\u00e8re cibl\u00e9e la mobilit\u00e9 et l&rsquo;autod\u00e9termination des personnes concern\u00e9es. La r\u00e9glementation conduit en fait \u00e0 une extension indirecte de l&rsquo;obligation de r\u00e9sidence, c&rsquo;est-\u00e0-dire de l&rsquo;obligation l\u00e9gale de ne s\u00e9journer que dans une zone d\u00e9termin\u00e9e. Selon la loi, l&rsquo;obligation de r\u00e9sidence ne peut durer plus de trois mois. Ind\u00e9pendamment de cela, elle devrait en principe \u00eatre abolie.      <\/p>\n\n<p class=\"has-large-font-size\">La carte de paiement du Brandebourg permet actuellement de payer dans toute l&rsquo;Allemagne.<\/p>\n\n<h2 class=\"wp-block-heading has-accent-1-background-color has-background has-large-font-size\" style=\"border-style:none;border-width:0px;border-radius:100px\"><strong>Contr\u00f4ler et surveiller les cartes de paiement<\/strong><\/h2>\n\n<p class=\"has-large-font-size\">Tout virement effectu\u00e9 avec la carte de paiement doit d&rsquo;abord \u00eatre valid\u00e9 par les services sociaux. Les virements \u00e0 l&rsquo;\u00e9tranger et \u00e0 des b\u00e9n\u00e9ficiaires* non valid\u00e9s ne sont pas possibles. En outre, certains magasins peuvent \u00eatre bloqu\u00e9s pour la carte de paiement. Dans le Brandebourg, par exemple, la carte de paiement ne peut pas \u00eatre utilis\u00e9e pour les jeux d&rsquo;argent. Le contr\u00f4le de ce que les gens peuvent ou ne peuvent pas acheter d\u00e9responsabilise et r\u00e9v\u00e8le les pr\u00e9jug\u00e9s racistes existants. Limiter les magasins ou les activit\u00e9s qui peuvent \u00eatre utilis\u00e9s avec la carte de paiement est une atteinte \u00e0 la libert\u00e9 individuelle.<\/p>\n\n<h2 class=\"wp-block-heading has-accent-1-background-color has-background has-large-font-size\" style=\"border-style:none;border-width:0px;border-radius:100px\"><strong>Les cartes de paiement sont compliqu\u00e9es et co\u00fbteuses<\/strong><\/h2>\n\n<p class=\"has-large-font-size\">La carte de paiement est cens\u00e9e r\u00e9duire la charge administrative des municipalit\u00e9s, mais de nombreux comt\u00e9s transf\u00e8rent ou transf\u00e8rent d\u00e9j\u00e0 efficacement les prestations auxquelles ils ont droit sur des comptes bancaires. En effet, toute personne a droit \u00e0 un compte de base. La carte entra\u00eene une charge de travail suppl\u00e9mentaire, par exemple des autorisations de virement compliqu\u00e9es, et soul\u00e8ve des questions de protection des donn\u00e9es. Au lieu d&rsquo;all\u00e9ger la <a href=\"http:\/\/dezim-institut.de\/fileadmin\/user_upload\/Demo_FIS\/publikation_pdf\/FA-6050.pdf\">charge de travail des municipalit\u00e9s, elle entra\u00eene un surcro\u00eet de travail et des co\u00fbts peu clairs<\/a>, tandis que ce sont surtout les <a href=\"http:\/\/nein-zur-bezahlkarte.de\/linksammlung\/#Hintergrundrecherchen\">fournisseurs de cartes qui en profitent<\/a>.   <\/p>\n\n<p class=\"has-large-font-size\"><br\/>Pour ces raisons, entre autres, la carte de paiement est restrictive au quotidien. Elle est stigmatisante, discriminatoire et, de plus, pour le moins discutable d&rsquo;un point de vue constitutionnel.   <strong>Nous appelons \u00e0 la solidarit\u00e9 avec les personnes ayant une carte de paiement et \u00e0 lutter ensemble contre cette pratique discriminatoire !<\/strong><\/p>\n","protected":false},"excerpt":{"rendered":"<p>Discriminatoire, marginalisant, d\u00e9responsabilisant - C&rsquo;est pourquoi nous rejetons la carte de paiement : Les raisons avanc\u00e9es par les responsables politiques pour justifier l&rsquo;introduction de la carte de paiement sont nombreuses. La plupart d&rsquo;entre elles n&rsquo;ont aucun fondement r\u00e9el et ne servent qu&rsquo;\u00e0 cr\u00e9er un climat populiste de droite. Nous remettons en question ces arguments et [&hellip;]<\/p>\n","protected":false},"author":4,"featured_media":0,"parent":0,"menu_order":0,"comment_status":"closed","ping_status":"closed","template":"","meta":{"footnotes":""},"class_list":["post-2080","page","type-page","status-publish","hentry"],"yoast_head":"<!-- This site is optimized with the Yoast SEO plugin v26.4 - https:\/\/yoast.com\/wordpress\/plugins\/seo\/ -->\n<title>V\u00e9rification des faits - Wir sagen Nein zur Bezahlkarte<\/title>\n<meta name=\"description\" content=\"Les raisons avanc\u00e9es par les responsables politiques pour justifier l&#039;introduction de la carte de paiement sont nombreuses. La plupart d&#039;entre elles n&#039;ont aucun fondement r\u00e9el et ne servent qu&#039;\u00e0 cr\u00e9er un climat populiste de droite. Nous remettons en question ces arguments et expliquons pourquoi nous sommes oppos\u00e9s \u00e0 la carte de paiement.\" \/>\n<meta name=\"robots\" content=\"index, follow, max-snippet:-1, max-image-preview:large, max-video-preview:-1\" \/>\n<link rel=\"canonical\" href=\"https:\/\/nein-zur-bezahlkarte.de\/fr\/verification-des-faits\/\" \/>\n<meta property=\"og:locale\" content=\"fr_FR\" \/>\n<meta property=\"og:type\" content=\"article\" \/>\n<meta property=\"og:title\" content=\"V\u00e9rification des faits - Wir sagen Nein zur Bezahlkarte\" \/>\n<meta property=\"og:description\" content=\"Les raisons avanc\u00e9es par les responsables politiques pour justifier l&#039;introduction de la carte de paiement sont nombreuses. La plupart d&#039;entre elles n&#039;ont aucun fondement r\u00e9el et ne servent qu&#039;\u00e0 cr\u00e9er un climat populiste de droite. Nous remettons en question ces arguments et expliquons pourquoi nous sommes oppos\u00e9s \u00e0 la carte de paiement.\" \/>\n<meta property=\"og:url\" content=\"https:\/\/nein-zur-bezahlkarte.de\/fr\/verification-des-faits\/\" \/>\n<meta property=\"og:site_name\" content=\"Wir sagen Nein zur Bezahlkarte\" \/>\n<meta property=\"article:modified_time\" content=\"2025-03-03T10:07:48+00:00\" \/>\n<meta name=\"twitter:card\" content=\"summary_large_image\" \/>\n<meta name=\"twitter:label1\" content=\"Dur\u00e9e de lecture estim\u00e9e\" \/>\n\t<meta name=\"twitter:data1\" content=\"4 minutes\" \/>\n<script type=\"application\/ld+json\" class=\"yoast-schema-graph\">{\"@context\":\"https:\/\/schema.org\",\"@graph\":[{\"@type\":\"WebPage\",\"@id\":\"https:\/\/nein-zur-bezahlkarte.de\/fr\/verification-des-faits\/\",\"url\":\"https:\/\/nein-zur-bezahlkarte.de\/fr\/verification-des-faits\/\",\"name\":\"V\u00e9rification des faits - Wir sagen Nein zur Bezahlkarte\",\"isPartOf\":{\"@id\":\"https:\/\/nein-zur-bezahlkarte.de\/fr\/#website\"},\"datePublished\":\"2025-02-27T15:34:30+00:00\",\"dateModified\":\"2025-03-03T10:07:48+00:00\",\"description\":\"Les raisons avanc\u00e9es par les responsables politiques pour justifier l'introduction de la carte de paiement sont nombreuses. La plupart d'entre elles n'ont aucun fondement r\u00e9el et ne servent qu'\u00e0 cr\u00e9er un climat populiste de droite. Nous remettons en question ces arguments et expliquons pourquoi nous sommes oppos\u00e9s \u00e0 la carte de paiement.\",\"breadcrumb\":{\"@id\":\"https:\/\/nein-zur-bezahlkarte.de\/fr\/verification-des-faits\/#breadcrumb\"},\"inLanguage\":\"fr-FR\",\"potentialAction\":[{\"@type\":\"ReadAction\",\"target\":[\"https:\/\/nein-zur-bezahlkarte.de\/fr\/verification-des-faits\/\"]}]},{\"@type\":\"BreadcrumbList\",\"@id\":\"https:\/\/nein-zur-bezahlkarte.de\/fr\/verification-des-faits\/#breadcrumb\",\"itemListElement\":[{\"@type\":\"ListItem\",\"position\":1,\"name\":\"Startseite\",\"item\":\"https:\/\/nein-zur-bezahlkarte.de\/fr\/\"},{\"@type\":\"ListItem\",\"position\":2,\"name\":\"V\u00e9rification des faits\"}]},{\"@type\":\"WebSite\",\"@id\":\"https:\/\/nein-zur-bezahlkarte.de\/fr\/#website\",\"url\":\"https:\/\/nein-zur-bezahlkarte.de\/fr\/\",\"name\":\"Wir sagen Nein zur Bezahlkarte\",\"description\":\"Impressum\",\"publisher\":{\"@id\":\"https:\/\/nein-zur-bezahlkarte.de\/fr\/#organization\"},\"potentialAction\":[{\"@type\":\"SearchAction\",\"target\":{\"@type\":\"EntryPoint\",\"urlTemplate\":\"https:\/\/nein-zur-bezahlkarte.de\/fr\/?s={search_term_string}\"},\"query-input\":{\"@type\":\"PropertyValueSpecification\",\"valueRequired\":true,\"valueName\":\"search_term_string\"}}],\"inLanguage\":\"fr-FR\"},{\"@type\":\"Organization\",\"@id\":\"https:\/\/nein-zur-bezahlkarte.de\/fr\/#organization\",\"name\":\"Wir sagen Nein zur Bezahlkarte\",\"url\":\"https:\/\/nein-zur-bezahlkarte.de\/fr\/\",\"logo\":{\"@type\":\"ImageObject\",\"inLanguage\":\"fr-FR\",\"@id\":\"https:\/\/nein-zur-bezahlkarte.de\/fr\/#\/schema\/logo\/image\/\",\"url\":\"https:\/\/nein-zur-bezahlkarte.de\/wp-content\/uploads\/2024\/11\/BZHLKRT_Logo_Vektoren_BRNDNBRG_Gelb.png\",\"contentUrl\":\"https:\/\/nein-zur-bezahlkarte.de\/wp-content\/uploads\/2024\/11\/BZHLKRT_Logo_Vektoren_BRNDNBRG_Gelb.png\",\"width\":5000,\"height\":5000,\"caption\":\"Wir sagen Nein zur Bezahlkarte\"},\"image\":{\"@id\":\"https:\/\/nein-zur-bezahlkarte.de\/fr\/#\/schema\/logo\/image\/\"}}]}<\/script>\n<!-- \/ Yoast SEO plugin. -->","yoast_head_json":{"title":"V\u00e9rification des faits - Wir sagen Nein zur Bezahlkarte","description":"Les raisons avanc\u00e9es par les responsables politiques pour justifier l'introduction de la carte de paiement sont nombreuses. La plupart d'entre elles n'ont aucun fondement r\u00e9el et ne servent qu'\u00e0 cr\u00e9er un climat populiste de droite. Nous remettons en question ces arguments et expliquons pourquoi nous sommes oppos\u00e9s \u00e0 la carte de paiement.","robots":{"index":"index","follow":"follow","max-snippet":"max-snippet:-1","max-image-preview":"max-image-preview:large","max-video-preview":"max-video-preview:-1"},"canonical":"https:\/\/nein-zur-bezahlkarte.de\/fr\/verification-des-faits\/","og_locale":"fr_FR","og_type":"article","og_title":"V\u00e9rification des faits - Wir sagen Nein zur Bezahlkarte","og_description":"Les raisons avanc\u00e9es par les responsables politiques pour justifier l'introduction de la carte de paiement sont nombreuses. La plupart d'entre elles n'ont aucun fondement r\u00e9el et ne servent qu'\u00e0 cr\u00e9er un climat populiste de droite. Nous remettons en question ces arguments et expliquons pourquoi nous sommes oppos\u00e9s \u00e0 la carte de paiement.","og_url":"https:\/\/nein-zur-bezahlkarte.de\/fr\/verification-des-faits\/","og_site_name":"Wir sagen Nein zur Bezahlkarte","article_modified_time":"2025-03-03T10:07:48+00:00","twitter_card":"summary_large_image","twitter_misc":{"Dur\u00e9e de lecture estim\u00e9e":"4 minutes"},"schema":{"@context":"https:\/\/schema.org","@graph":[{"@type":"WebPage","@id":"https:\/\/nein-zur-bezahlkarte.de\/fr\/verification-des-faits\/","url":"https:\/\/nein-zur-bezahlkarte.de\/fr\/verification-des-faits\/","name":"V\u00e9rification des faits - Wir sagen Nein zur Bezahlkarte","isPartOf":{"@id":"https:\/\/nein-zur-bezahlkarte.de\/fr\/#website"},"datePublished":"2025-02-27T15:34:30+00:00","dateModified":"2025-03-03T10:07:48+00:00","description":"Les raisons avanc\u00e9es par les responsables politiques pour justifier l'introduction de la carte de paiement sont nombreuses. La plupart d'entre elles n'ont aucun fondement r\u00e9el et ne servent qu'\u00e0 cr\u00e9er un climat populiste de droite. Nous remettons en question ces arguments et expliquons pourquoi nous sommes oppos\u00e9s \u00e0 la carte de paiement.","breadcrumb":{"@id":"https:\/\/nein-zur-bezahlkarte.de\/fr\/verification-des-faits\/#breadcrumb"},"inLanguage":"fr-FR","potentialAction":[{"@type":"ReadAction","target":["https:\/\/nein-zur-bezahlkarte.de\/fr\/verification-des-faits\/"]}]},{"@type":"BreadcrumbList","@id":"https:\/\/nein-zur-bezahlkarte.de\/fr\/verification-des-faits\/#breadcrumb","itemListElement":[{"@type":"ListItem","position":1,"name":"Startseite","item":"https:\/\/nein-zur-bezahlkarte.de\/fr\/"},{"@type":"ListItem","position":2,"name":"V\u00e9rification des faits"}]},{"@type":"WebSite","@id":"https:\/\/nein-zur-bezahlkarte.de\/fr\/#website","url":"https:\/\/nein-zur-bezahlkarte.de\/fr\/","name":"Wir sagen Nein zur Bezahlkarte","description":"Impressum","publisher":{"@id":"https:\/\/nein-zur-bezahlkarte.de\/fr\/#organization"},"potentialAction":[{"@type":"SearchAction","target":{"@type":"EntryPoint","urlTemplate":"https:\/\/nein-zur-bezahlkarte.de\/fr\/?s={search_term_string}"},"query-input":{"@type":"PropertyValueSpecification","valueRequired":true,"valueName":"search_term_string"}}],"inLanguage":"fr-FR"},{"@type":"Organization","@id":"https:\/\/nein-zur-bezahlkarte.de\/fr\/#organization","name":"Wir sagen Nein zur Bezahlkarte","url":"https:\/\/nein-zur-bezahlkarte.de\/fr\/","logo":{"@type":"ImageObject","inLanguage":"fr-FR","@id":"https:\/\/nein-zur-bezahlkarte.de\/fr\/#\/schema\/logo\/image\/","url":"https:\/\/nein-zur-bezahlkarte.de\/wp-content\/uploads\/2024\/11\/BZHLKRT_Logo_Vektoren_BRNDNBRG_Gelb.png","contentUrl":"https:\/\/nein-zur-bezahlkarte.de\/wp-content\/uploads\/2024\/11\/BZHLKRT_Logo_Vektoren_BRNDNBRG_Gelb.png","width":5000,"height":5000,"caption":"Wir sagen Nein zur Bezahlkarte"},"image":{"@id":"https:\/\/nein-zur-bezahlkarte.de\/fr\/#\/schema\/logo\/image\/"}}]}},"_links":{"self":[{"href":"https:\/\/nein-zur-bezahlkarte.de\/fr\/wp-json\/wp\/v2\/pages\/2080","targetHints":{"allow":["GET"]}}],"collection":[{"href":"https:\/\/nein-zur-bezahlkarte.de\/fr\/wp-json\/wp\/v2\/pages"}],"about":[{"href":"https:\/\/nein-zur-bezahlkarte.de\/fr\/wp-json\/wp\/v2\/types\/page"}],"author":[{"embeddable":true,"href":"https:\/\/nein-zur-bezahlkarte.de\/fr\/wp-json\/wp\/v2\/users\/4"}],"replies":[{"embeddable":true,"href":"https:\/\/nein-zur-bezahlkarte.de\/fr\/wp-json\/wp\/v2\/comments?post=2080"}],"version-history":[{"count":2,"href":"https:\/\/nein-zur-bezahlkarte.de\/fr\/wp-json\/wp\/v2\/pages\/2080\/revisions"}],"predecessor-version":[{"id":2181,"href":"https:\/\/nein-zur-bezahlkarte.de\/fr\/wp-json\/wp\/v2\/pages\/2080\/revisions\/2181"}],"wp:attachment":[{"href":"https:\/\/nein-zur-bezahlkarte.de\/fr\/wp-json\/wp\/v2\/media?parent=2080"}],"curies":[{"name":"wp","href":"https:\/\/api.w.org\/{rel}","templated":true}]}}