{"version":"1.0","provider_name":"Wir sagen Nein zur Bezahlkarte","provider_url":"https:\/\/nein-zur-bezahlkarte.de\/ku\/","author_name":"Jannika","author_url":"https:\/\/nein-zur-bezahlkarte.de\/ku\/author\/jannika\/","title":"B\u00eay\u00ee karta peredan\u00ea - Wir sagen Nein zur Bezahlkarte","type":"rich","width":600,"height":338,"html":"<blockquote class=\"wp-embedded-content\" data-secret=\"z4IMFxEwRk\"><a href=\"https:\/\/nein-zur-bezahlkarte.de\/ku\/beyi-karta-peredane\/\">B\u00eay\u00ee karta peredan\u00ea<\/a><\/blockquote><iframe sandbox=\"allow-scripts\" security=\"restricted\" src=\"https:\/\/nein-zur-bezahlkarte.de\/ku\/beyi-karta-peredane\/embed\/#?secret=z4IMFxEwRk\" width=\"600\" height=\"338\" title=\"&#8220;B\u00eay\u00ee karta peredan\u00ea&#8221; &#8212; Wir sagen Nein zur Bezahlkarte\" data-secret=\"z4IMFxEwRk\" frameborder=\"0\" marginwidth=\"0\" marginheight=\"0\" scrolling=\"no\" class=\"wp-embedded-content\"><\/iframe><script>\n\/*! This file is auto-generated *\/\n!function(d,l){\"use strict\";l.querySelector&&d.addEventListener&&\"undefined\"!=typeof URL&&(d.wp=d.wp||{},d.wp.receiveEmbedMessage||(d.wp.receiveEmbedMessage=function(e){var t=e.data;if((t||t.secret||t.message||t.value)&&!\/[^a-zA-Z0-9]\/.test(t.secret)){for(var s,r,n,a=l.querySelectorAll('iframe[data-secret=\"'+t.secret+'\"]'),o=l.querySelectorAll('blockquote[data-secret=\"'+t.secret+'\"]'),c=new RegExp(\"^https?:$\",\"i\"),i=0;i<o.length;i++)o[i].style.display=\"none\";for(i=0;i<a.length;i++)s=a[i],e.source===s.contentWindow&&(s.removeAttribute(\"style\"),\"height\"===t.message?(1e3<(r=parseInt(t.value,10))?r=1e3:~~r<200&&(r=200),s.height=r):\"link\"===t.message&&(r=new URL(s.getAttribute(\"src\")),n=new URL(t.value),c.test(n.protocol))&&n.host===r.host&&l.activeElement===s&&(d.top.location.href=t.value))}},d.addEventListener(\"message\",d.wp.receiveEmbedMessage,!1),l.addEventListener(\"DOMContentLoaded\",function(){for(var e,t,s=l.querySelectorAll(\"iframe.wp-embedded-content\"),r=0;r<s.length;r++)(t=(e=s[r]).getAttribute(\"data-secret\"))||(t=Math.random().toString(36).substring(2,12),e.src+=\"#?secret=\"+t,e.setAttribute(\"data-secret\",t)),e.contentWindow.postMessage({message:\"ready\",secret:t},\"*\")},!1)))}(window,document);\n\/\/# sourceURL=https:\/\/nein-zur-bezahlkarte.de\/wp-includes\/js\/wp-embed.min.js\n<\/script>\n","description":"Kampanyay\u00ean dan\u00fbstendin\u00ea \u2013 li \u015f\u00fbna qerta drav\u00ea Li Brandenburg\u00ea penaber perey\u00ean xwe bi qerta peredan\u00ea dist\u00eenin. Bi v\u00ea kart\u00ea h\u00fbn nikarin meh\u00ea z\u00eadetir\u00ee 50 \u20ac drav bik\u015f\u00eenin. Ev s\u00eenor cudakar\u00ee ye. Ma h\u00fbn dixwazin bi kart\u00ean dravdan\u00ea pi\u015ftgir\u00ee bidin mirovan \u00fb ji wan re bibin al\u00eekar ku b\u00eatir drav\u00ea bist\u00eenin? Gelek away\u00ean ku v\u00ea yek\u00ea [&hellip;]","thumbnail_url":"https:\/\/nein-zur-bezahlkarte.de\/wp-content\/uploads\/2024\/11\/shopping-tandem.jpeg","thumbnail_width":843,"thumbnail_height":1124}