{"id":1524,"date":"2025-02-03T18:16:47","date_gmt":"2025-02-03T17:16:47","guid":{"rendered":"https:\/\/nein-zur-bezahlkarte.de\/sahidiyen\/"},"modified":"2025-02-04T19:12:53","modified_gmt":"2025-02-04T18:12:53","slug":"sahidiyen","status":"publish","type":"page","link":"https:\/\/nein-zur-bezahlkarte.de\/ku\/sahidiyen\/","title":{"rendered":"\u015fahidiy\u00ean"},"content":{"rendered":"\n<p>Li vir em serp\u00eahatiy\u00ean bi qerta peredan\u00ea, kampanyay\u00ean pevguhertin\u00ea \u00fb t\u00eako\u015f\u00een\u00ean din \u00ean li dij\u00ee siyaseta sembol\u00eek a nijadperest diwe\u015f\u00eenin. Ger h\u00fbn dixwazin niv\u00ees, v\u00eedyo an deng biwe\u015f\u00eenin, ji kerema xwe <a href=\"https:\/\/nein-zur-bezahlkarte.de\/ku\/sahidiyen\/parvekirina-serpehatiyen\/\"><mark style=\"background-color:rgba(0, 0, 0, 0)\" class=\"has-inline-color has-accent-2-color\">li vir<\/mark><\/a> bi\u015f\u00eenin.   <\/p>\n\n<div class=\"wp-block-group is-style-default has-medium-font-size has-global-padding is-layout-constrained wp-container-core-group-is-layout-52009084 wp-block-group-is-layout-constrained\" style=\"padding-top:var(--wp--preset--spacing--40);padding-right:var(--wp--preset--spacing--40);padding-bottom:var(--wp--preset--spacing--40);padding-left:var(--wp--preset--spacing--40)\">\n<div class=\"wp-block-group has-border-color has-accent-1-border-color has-medium-font-size has-global-padding is-layout-constrained wp-container-core-group-is-layout-80fb368b wp-block-group-is-layout-constrained\" style=\"border-style:dotted;border-width:5px;padding-top:var(--wp--preset--spacing--30);padding-right:var(--wp--preset--spacing--30);padding-bottom:var(--wp--preset--spacing--30);padding-left:var(--wp--preset--spacing--30);font-style:normal;font-weight:400\">\n<p class=\"has-medium-font-size\" style=\"padding-top:0;padding-right:0;padding-bottom:0;padding-left:0;font-style:normal;font-weight:400\">&#8220;Ber\u00ee \u00e7end mehan min kesek ji nav\u00e7eya M\u00e4rkisch-Oderland nas kir ku ji sala par ve karta dravdan\u00ea w\u00ee heye. Me li atolyeyek hev d\u00eet \u00fb pi\u015ftre me li hev kir ku em hev bib\u00eenin da ku em bi pereyan bi drav biguher\u00eenin. Ew hat Berl\u00een\u00ea \u00fb me li hev d\u00eet. Supermarketek Rewe Di destp\u00eak\u00ea de zehmetiy\u00ean me di d\u00eetina voucher\u00ean Rewe de heb\u00fb, l\u00ea pa\u015f\u00ea ew pir h\u00easan b\u00fb: W\u00ee bi qerta xwe ya dravdan\u00ea li ser qasey\u00ea 50 euro li ser voucheran bar kir, \u00fb pa\u015f\u00ea min perey\u00ea t\u00eakildar da w\u00ee. Ew k\u00eafxwe\u015f b\u00fb ku ew niha dikare bi w\u00ea re pereyan bide par\u00eazer\u00ea xwe, ji ber ku em meha din j\u00ee li hev civiyan ne hewce ye ku ew qas d\u00fbr r\u00eaw\u00eetiy\u00ea bikin.&#8221;      <\/p>\n\n\n\n<p><a href=\"#\">nenas,<\/a> 3.02.25<\/p>\n<\/div>\n<\/div>\n\n<p><\/p>\n","protected":false},"excerpt":{"rendered":"<p>Li vir em serp\u00eahatiy\u00ean bi qerta peredan\u00ea, kampanyay\u00ean pevguhertin\u00ea \u00fb t\u00eako\u015f\u00een\u00ean din \u00ean li dij\u00ee siyaseta sembol\u00eek a nijadperest diwe\u015f\u00eenin. Ger h\u00fbn dixwazin niv\u00ees, v\u00eedyo an deng biwe\u015f\u00eenin, ji kerema xwe li vir bi\u015f\u00eenin. &#8220;Ber\u00ee \u00e7end mehan min kesek ji nav\u00e7eya M\u00e4rkisch-Oderland nas kir ku ji sala par ve karta dravdan\u00ea w\u00ee heye. Me li [&hellip;]<\/p>\n","protected":false},"author":3,"featured_media":0,"parent":0,"menu_order":0,"comment_status":"closed","ping_status":"closed","template":"","meta":{"footnotes":""},"class_list":["post-1524","page","type-page","status-publish","hentry"],"yoast_head":"<!-- This site is optimized with the Yoast SEO plugin v26.4 - https:\/\/yoast.com\/wordpress\/plugins\/seo\/ -->\n<title>\u015fahidiy\u00ean - Wir sagen Nein zur Bezahlkarte<\/title>\n<meta name=\"robots\" content=\"index, follow, max-snippet:-1, max-image-preview:large, max-video-preview:-1\" \/>\n<link rel=\"canonical\" href=\"https:\/\/nein-zur-bezahlkarte.de\/ku\/sahidiyen\/\" \/>\n<meta property=\"og:locale\" content=\"en_US\" \/>\n<meta property=\"og:type\" content=\"article\" \/>\n<meta property=\"og:title\" content=\"\u015fahidiy\u00ean - Wir sagen Nein zur Bezahlkarte\" \/>\n<meta property=\"og:description\" content=\"Li vir em serp\u00eahatiy\u00ean bi qerta peredan\u00ea, kampanyay\u00ean pevguhertin\u00ea \u00fb t\u00eako\u015f\u00een\u00ean din \u00ean li dij\u00ee siyaseta sembol\u00eek a nijadperest diwe\u015f\u00eenin. Ger h\u00fbn dixwazin niv\u00ees, v\u00eedyo an deng biwe\u015f\u00eenin, ji kerema xwe li vir bi\u015f\u00eenin. &#8220;Ber\u00ee \u00e7end mehan min kesek ji nav\u00e7eya M\u00e4rkisch-Oderland nas kir ku ji sala par ve karta dravdan\u00ea w\u00ee heye. Me li [&hellip;]\" \/>\n<meta property=\"og:url\" content=\"https:\/\/nein-zur-bezahlkarte.de\/ku\/sahidiyen\/\" \/>\n<meta property=\"og:site_name\" content=\"Wir sagen Nein zur Bezahlkarte\" \/>\n<meta property=\"article:modified_time\" content=\"2025-02-04T18:12:53+00:00\" \/>\n<meta name=\"twitter:card\" content=\"summary_large_image\" \/>\n<meta name=\"twitter:label1\" content=\"Est. reading time\" \/>\n\t<meta name=\"twitter:data1\" content=\"1 \u062e\u0648\u0644\u06d5\u06a9\" \/>\n<script type=\"application\/ld+json\" class=\"yoast-schema-graph\">{\"@context\":\"https:\/\/schema.org\",\"@graph\":[{\"@type\":\"WebPage\",\"@id\":\"https:\/\/nein-zur-bezahlkarte.de\/ku\/sahidiyen\/\",\"url\":\"https:\/\/nein-zur-bezahlkarte.de\/ku\/sahidiyen\/\",\"name\":\"\u015fahidiy\u00ean - Wir sagen Nein zur Bezahlkarte\",\"isPartOf\":{\"@id\":\"https:\/\/nein-zur-bezahlkarte.de\/ku\/#website\"},\"datePublished\":\"2025-02-03T17:16:47+00:00\",\"dateModified\":\"2025-02-04T18:12:53+00:00\",\"breadcrumb\":{\"@id\":\"https:\/\/nein-zur-bezahlkarte.de\/ku\/sahidiyen\/#breadcrumb\"},\"inLanguage\":\"ckb\",\"potentialAction\":[{\"@type\":\"ReadAction\",\"target\":[\"https:\/\/nein-zur-bezahlkarte.de\/ku\/sahidiyen\/\"]}]},{\"@type\":\"BreadcrumbList\",\"@id\":\"https:\/\/nein-zur-bezahlkarte.de\/ku\/sahidiyen\/#breadcrumb\",\"itemListElement\":[{\"@type\":\"ListItem\",\"position\":1,\"name\":\"Startseite\",\"item\":\"https:\/\/nein-zur-bezahlkarte.de\/ku\/\"},{\"@type\":\"ListItem\",\"position\":2,\"name\":\"\u015fahidiy\u00ean\"}]},{\"@type\":\"WebSite\",\"@id\":\"https:\/\/nein-zur-bezahlkarte.de\/ku\/#website\",\"url\":\"https:\/\/nein-zur-bezahlkarte.de\/ku\/\",\"name\":\"Wir sagen Nein zur Bezahlkarte\",\"description\":\"Impressum\",\"publisher\":{\"@id\":\"https:\/\/nein-zur-bezahlkarte.de\/ku\/#organization\"},\"potentialAction\":[{\"@type\":\"SearchAction\",\"target\":{\"@type\":\"EntryPoint\",\"urlTemplate\":\"https:\/\/nein-zur-bezahlkarte.de\/ku\/?s={search_term_string}\"},\"query-input\":{\"@type\":\"PropertyValueSpecification\",\"valueRequired\":true,\"valueName\":\"search_term_string\"}}],\"inLanguage\":\"ckb\"},{\"@type\":\"Organization\",\"@id\":\"https:\/\/nein-zur-bezahlkarte.de\/ku\/#organization\",\"name\":\"Wir sagen Nein zur Bezahlkarte\",\"url\":\"https:\/\/nein-zur-bezahlkarte.de\/ku\/\",\"logo\":{\"@type\":\"ImageObject\",\"inLanguage\":\"ckb\",\"@id\":\"https:\/\/nein-zur-bezahlkarte.de\/ku\/#\/schema\/logo\/image\/\",\"url\":\"https:\/\/nein-zur-bezahlkarte.de\/wp-content\/uploads\/2024\/11\/BZHLKRT_Logo_Vektoren_BRNDNBRG_Gelb.png\",\"contentUrl\":\"https:\/\/nein-zur-bezahlkarte.de\/wp-content\/uploads\/2024\/11\/BZHLKRT_Logo_Vektoren_BRNDNBRG_Gelb.png\",\"width\":5000,\"height\":5000,\"caption\":\"Wir sagen Nein zur Bezahlkarte\"},\"image\":{\"@id\":\"https:\/\/nein-zur-bezahlkarte.de\/ku\/#\/schema\/logo\/image\/\"}}]}<\/script>\n<!-- \/ Yoast SEO plugin. -->","yoast_head_json":{"title":"\u015fahidiy\u00ean - Wir sagen Nein zur Bezahlkarte","robots":{"index":"index","follow":"follow","max-snippet":"max-snippet:-1","max-image-preview":"max-image-preview:large","max-video-preview":"max-video-preview:-1"},"canonical":"https:\/\/nein-zur-bezahlkarte.de\/ku\/sahidiyen\/","og_locale":"en_US","og_type":"article","og_title":"\u015fahidiy\u00ean - Wir sagen Nein zur Bezahlkarte","og_description":"Li vir em serp\u00eahatiy\u00ean bi qerta peredan\u00ea, kampanyay\u00ean pevguhertin\u00ea \u00fb t\u00eako\u015f\u00een\u00ean din \u00ean li dij\u00ee siyaseta sembol\u00eek a nijadperest diwe\u015f\u00eenin. Ger h\u00fbn dixwazin niv\u00ees, v\u00eedyo an deng biwe\u015f\u00eenin, ji kerema xwe li vir bi\u015f\u00eenin. &#8220;Ber\u00ee \u00e7end mehan min kesek ji nav\u00e7eya M\u00e4rkisch-Oderland nas kir ku ji sala par ve karta dravdan\u00ea w\u00ee heye. Me li [&hellip;]","og_url":"https:\/\/nein-zur-bezahlkarte.de\/ku\/sahidiyen\/","og_site_name":"Wir sagen Nein zur Bezahlkarte","article_modified_time":"2025-02-04T18:12:53+00:00","twitter_card":"summary_large_image","twitter_misc":{"Est. reading time":"1 \u062e\u0648\u0644\u06d5\u06a9"},"schema":{"@context":"https:\/\/schema.org","@graph":[{"@type":"WebPage","@id":"https:\/\/nein-zur-bezahlkarte.de\/ku\/sahidiyen\/","url":"https:\/\/nein-zur-bezahlkarte.de\/ku\/sahidiyen\/","name":"\u015fahidiy\u00ean - Wir sagen Nein zur Bezahlkarte","isPartOf":{"@id":"https:\/\/nein-zur-bezahlkarte.de\/ku\/#website"},"datePublished":"2025-02-03T17:16:47+00:00","dateModified":"2025-02-04T18:12:53+00:00","breadcrumb":{"@id":"https:\/\/nein-zur-bezahlkarte.de\/ku\/sahidiyen\/#breadcrumb"},"inLanguage":"ckb","potentialAction":[{"@type":"ReadAction","target":["https:\/\/nein-zur-bezahlkarte.de\/ku\/sahidiyen\/"]}]},{"@type":"BreadcrumbList","@id":"https:\/\/nein-zur-bezahlkarte.de\/ku\/sahidiyen\/#breadcrumb","itemListElement":[{"@type":"ListItem","position":1,"name":"Startseite","item":"https:\/\/nein-zur-bezahlkarte.de\/ku\/"},{"@type":"ListItem","position":2,"name":"\u015fahidiy\u00ean"}]},{"@type":"WebSite","@id":"https:\/\/nein-zur-bezahlkarte.de\/ku\/#website","url":"https:\/\/nein-zur-bezahlkarte.de\/ku\/","name":"Wir sagen Nein zur Bezahlkarte","description":"Impressum","publisher":{"@id":"https:\/\/nein-zur-bezahlkarte.de\/ku\/#organization"},"potentialAction":[{"@type":"SearchAction","target":{"@type":"EntryPoint","urlTemplate":"https:\/\/nein-zur-bezahlkarte.de\/ku\/?s={search_term_string}"},"query-input":{"@type":"PropertyValueSpecification","valueRequired":true,"valueName":"search_term_string"}}],"inLanguage":"ckb"},{"@type":"Organization","@id":"https:\/\/nein-zur-bezahlkarte.de\/ku\/#organization","name":"Wir sagen Nein zur Bezahlkarte","url":"https:\/\/nein-zur-bezahlkarte.de\/ku\/","logo":{"@type":"ImageObject","inLanguage":"ckb","@id":"https:\/\/nein-zur-bezahlkarte.de\/ku\/#\/schema\/logo\/image\/","url":"https:\/\/nein-zur-bezahlkarte.de\/wp-content\/uploads\/2024\/11\/BZHLKRT_Logo_Vektoren_BRNDNBRG_Gelb.png","contentUrl":"https:\/\/nein-zur-bezahlkarte.de\/wp-content\/uploads\/2024\/11\/BZHLKRT_Logo_Vektoren_BRNDNBRG_Gelb.png","width":5000,"height":5000,"caption":"Wir sagen Nein zur Bezahlkarte"},"image":{"@id":"https:\/\/nein-zur-bezahlkarte.de\/ku\/#\/schema\/logo\/image\/"}}]}},"_links":{"self":[{"href":"https:\/\/nein-zur-bezahlkarte.de\/ku\/wp-json\/wp\/v2\/pages\/1524","targetHints":{"allow":["GET"]}}],"collection":[{"href":"https:\/\/nein-zur-bezahlkarte.de\/ku\/wp-json\/wp\/v2\/pages"}],"about":[{"href":"https:\/\/nein-zur-bezahlkarte.de\/ku\/wp-json\/wp\/v2\/types\/page"}],"author":[{"embeddable":true,"href":"https:\/\/nein-zur-bezahlkarte.de\/ku\/wp-json\/wp\/v2\/users\/3"}],"replies":[{"embeddable":true,"href":"https:\/\/nein-zur-bezahlkarte.de\/ku\/wp-json\/wp\/v2\/comments?post=1524"}],"version-history":[{"count":3,"href":"https:\/\/nein-zur-bezahlkarte.de\/ku\/wp-json\/wp\/v2\/pages\/1524\/revisions"}],"predecessor-version":[{"id":1789,"href":"https:\/\/nein-zur-bezahlkarte.de\/ku\/wp-json\/wp\/v2\/pages\/1524\/revisions\/1789"}],"wp:attachment":[{"href":"https:\/\/nein-zur-bezahlkarte.de\/ku\/wp-json\/wp\/v2\/media?parent=1524"}],"curies":[{"name":"wp","href":"https:\/\/api.w.org\/{rel}","templated":true}]}}