{"id":1550,"date":"2025-01-15T11:21:07","date_gmt":"2025-01-15T10:21:07","guid":{"rendered":"https:\/\/nein-zur-bezahlkarte.de\/calak-bibin\/"},"modified":"2025-12-16T18:45:26","modified_gmt":"2025-12-16T17:45:26","slug":"calak-bibin","status":"publish","type":"page","link":"https:\/\/nein-zur-bezahlkarte.de\/ku\/calak-bibin\/","title":{"rendered":"\u00c7alak bibin"},"content":{"rendered":"\n<p>Li dij\u00ee qerta peredan\u00ea gelek sedem hene. L\u00ea r\u00eay\u00ean curbecur j\u00ee hene ku meriv li hember w\u00ea xwe bipar\u00eaze \u00fb gavan bav\u00eaje. <\/p>\n\n<div class=\"wp-block-group has-accent-1-background-color has-background is-layout-flow wp-block-group-is-layout-flow\" style=\"padding-top:var(--wp--preset--spacing--30);padding-right:var(--wp--preset--spacing--30);padding-bottom:var(--wp--preset--spacing--30);padding-left:var(--wp--preset--spacing--30)\">\n<h3 class=\"wp-block-heading has-x-large-font-size\"><strong>dan\u00fbstendinan<\/strong><\/h3>\n\n\n\n<p class=\"has-large-font-size\"><a href=\"https:\/\/nein-zur-bezahlkarte.de\/ku\/cawa\/\">H\u00fbn dikarin hem\u00fb agah\u00eey\u00ean li ser guhertina kuponan li vir bib\u00eenin<\/a> .<\/p>\n\n\n\n<p>Ji bo ku bi hev re tevbigerin, dan\u00fbstandin \u00fb hevkariya bi kes\u00ean din re gir\u00eeng e. Bi heval, malbat, c\u00eeran an \u00e7alakvan\u00ean din re bi r\u00eaxistin bikin ku li dij\u00ee qerta dravdan\u00ea \u015fer bikin \u00fb w\u00ea ji hol\u00ea rakin. <\/p>\n<\/div>\n\n<h3 class=\"wp-block-heading has-x-large-font-size\" style=\"padding-top:0;padding-right:0;padding-bottom:0;padding-left:0\"><strong>kampanyaya berhevkirina pereyan<\/strong><\/h3>\n\n<p><\/p>\n\n<details class=\"wp-block-details is-layout-flow wp-block-details-is-layout-flow\"><summary>Bex\u015fa we dih\u00eale ku em xwep\u00ea\u015fandanan organ\u00eeze bikin, materyal\u00ean agahdariy\u00ea \u00e7ap bikin \u00fb rasterast pi\u015ftgiriy\u00ea bidin kes\u00ean bandordar. Her bex\u015f gir\u00eeng e! H\u00fbn dikarin hem\u00ee agahdariya li ser kampanyay\u00ea li vir bib\u00eenin: <a href=\"https:\/\/www.goodcrowd.org\/nein-zur-bezahlkarte-berlin-oder-brandenburg92\">https:\/\/www.goodcrowd.org\/nein-zur-bezahlkarte-berlin-oder-brandenburg92<\/a>    <\/summary>\n<figure class=\"wp-block-image size-large\"><a href=\"https:\/\/www.goodcrowd.org\/nein-zur-bezahlkarte-berlin-oder-brandenburg92\"><img loading=\"lazy\" decoding=\"async\" width=\"1024\" height=\"699\" src=\"https:\/\/nein-zur-bezahlkarte.de\/wp-content\/uploads\/2025\/06\/image-1024x699.png\" alt=\"\" class=\"wp-image-3235\" srcset=\"https:\/\/nein-zur-bezahlkarte.de\/wp-content\/uploads\/2025\/06\/image-1024x699.png 1024w, https:\/\/nein-zur-bezahlkarte.de\/wp-content\/uploads\/2025\/06\/image-300x205.png 300w, https:\/\/nein-zur-bezahlkarte.de\/wp-content\/uploads\/2025\/06\/image-768x524.png 768w, https:\/\/nein-zur-bezahlkarte.de\/wp-content\/uploads\/2025\/06\/image-1536x1049.png 1536w, https:\/\/nein-zur-bezahlkarte.de\/wp-content\/uploads\/2025\/06\/image-2048x1398.png 2048w\" sizes=\"auto, (max-width: 1024px) 100vw, 1024px\" \/><\/a><\/figure>\n<\/details>\n\n<h3 class=\"wp-block-heading is-style-default has-x-large-font-size\" style=\"border-style:none;border-width:0px;border-radius:0px;padding-top:0;padding-right:0;padding-bottom:0;padding-left:0\"><strong>doz li dij\u00ee karta peredana<\/strong><\/h3>\n\n<p><a href=\"https:\/\/nein-zur-bezahlkarte.de\/ku\/doz-li-diji-karta-peredana\/\">H\u00fbn dikarin b\u00eatir agahdar\u00ee li vir bib\u00eenin.<\/a><\/p>\n\n<h3 class=\"wp-block-heading is-style-default has-x-large-font-size\" style=\"padding-top:0;padding-right:0;padding-bottom:0;padding-left:0\"><strong>rexneyan ji raya gi\u015ft\u00ee re dikin<\/strong><\/h3>\n\n<p>Be\u015fek mezin a protestoy\u00ea t\u00eakiliy\u00ean gel e. Tecr\u00fbbe \u00fb rexney\u00ean xwe y\u00ean li ser qerta dravdan\u00ea parve bikin: <\/p>\n\n<ul class=\"wp-block-list\">\n<li><strong><a href=\"https:\/\/nein-zur-bezahlkarte.de\/ku\/sahidiyen\/parvekirina-serpehatiyen\/\">\u015eahid<\/a><\/strong> : H\u00fbn dikarin serp\u00eahatiy\u00ean xwe bi kes\u00ean din re li ser malpera me parve bikin \u00fb li vir bi\u015f\u00eenin.<\/li>\n\n\n\n<li><strong>Li dij\u00ee n\u00eeqa\u015fa nijadperest\u00ee<\/strong> : Li ser pirsgir\u00eak\u00ean karta dravdan\u00ea biaxivin \u2013 kontrol, cih\u00eakar\u00ee, b\u00eah\u00eazkirin \u2013 \u00fb rave bikin ka \u00e7ima ev be\u015fek siyasetek nijadperest e. Kontrola rastiya me bikar b\u00eenin (gir\u00eadana j\u00ear\u00een) da ku arguman\u00ean derew\u00een red bikin. <\/li>\n<\/ul>\n\n<p>Ger h\u00fbn di sohbetan de ner\u00eena xwe diyar bikin zehmet e, ber\u00ea xwe bi heval\u00ean xwe re prat\u00eek bikin an j\u00ee be\u015fdar\u00ee <a href=\"https:\/\/www.aufstehen-gegen-rassismus.de\/kampagne\/stammtischkaempferinnen\/\">sem\u00eenerek Stammtischk\u00e4mpfer<\/a> bibin.<\/p>\n\n<h3 class=\"wp-block-heading has-x-large-font-size\" style=\"padding-top:0;padding-right:0;padding-bottom:0;padding-left:0\"><strong>zext\u00ea li siyasetmedaran bikin<\/strong><\/h3>\n\n<p>Zexta siyas\u00ee j\u00ee gir\u00eeng e. Jixwe bajar \u00fb nav\u00e7e hene ku li dij\u00ee qerta peredan\u00ea ne, bo nim\u00fbne Potsdam, l\u00ea li Almanyay\u00ea \u015faredariy\u00ean din j\u00ee hene. <\/p>\n\n<ul class=\"wp-block-list\">\n<li><strong>Daxwazname<\/strong> <strong>:<\/strong> Daxwaznamey\u00ean domdar li dij\u00ee qerta dravdan\u00ea \u00eemze bikin \u00fb parve bikin. Her weha h\u00fbn dikarin bi xwe j\u00ee daxwaznameyek\u00ea bidin destp\u00eakirin ger yek (h\u00een) li devera we tune be. <\/li>\n\n\n\n<li><strong>Xwep\u00ea\u015fandan:<\/strong> Xwen\u00ee\u015fandanan nas bikin \u00fb bi hev re bi\u00e7in. Tevl\u00ee hev bibin, bi kom\u00ean ku jixwe \u00e7alak in re biaxivin \u00fb bi xwe xwep\u00ea\u015fandanek, m\u00eet\u00eengek an \u00e7alakiyek din a gi\u015ft\u00ee organ\u00eeze bikin. <\/li>\n\n\n\n<li>Ji <strong>siyasetmedar\u00ean<\/strong> li her\u00eama xwe <strong>re biniv\u00eesin<\/strong> (m\u00eenak e-nameyek bi\u015f\u00eenin) an bi wan re bipeyivin. Ji wan bipirsin ku helwestek bigirin \u00fb li dij\u00ee qerta dravdan\u00ea biaxivin. <\/li>\n<\/ul>\n\n<h3 class=\"wp-block-heading has-x-large-font-size\" style=\"padding-top:0;padding-right:0;padding-bottom:0;padding-left:0\"><strong>h\u00ea j\u00ee pirs?  <\/strong><\/h3>\n\n<p>Bersiv\u00ean hin pirs\u00ean ku her\u00ee z\u00eade t\u00eane pirs\u00een dikarin <a href=\"https:\/\/nein-zur-bezahlkarte.de\/ku\/pirsen-pir-pir-dipirsin\/\">li vir<\/a> werin d\u00eetin <\/p>\n","protected":false},"excerpt":{"rendered":"<p>Li dij\u00ee qerta peredan\u00ea gelek sedem hene. L\u00ea r\u00eay\u00ean curbecur j\u00ee hene ku meriv li hember w\u00ea xwe bipar\u00eaze \u00fb gavan bav\u00eaje. dan\u00fbstendinan H\u00fbn dikarin hem\u00fb agah\u00eey\u00ean li ser guhertina kuponan li vir bib\u00eenin . Ji bo ku bi hev re tevbigerin, dan\u00fbstandin \u00fb hevkariya bi kes\u00ean din re gir\u00eeng e. Bi heval, malbat, c\u00eeran [&hellip;]<\/p>\n","protected":false},"author":4,"featured_media":0,"parent":0,"menu_order":0,"comment_status":"closed","ping_status":"closed","template":"","meta":{"footnotes":""},"class_list":["post-1550","page","type-page","status-publish","hentry"],"yoast_head":"<!-- This site is optimized with the Yoast SEO plugin v26.4 - https:\/\/yoast.com\/wordpress\/plugins\/seo\/ -->\n<title>\u00c7alak bibin - Wir sagen Nein zur Bezahlkarte<\/title>\n<meta name=\"robots\" content=\"index, follow, max-snippet:-1, max-image-preview:large, max-video-preview:-1\" \/>\n<link rel=\"canonical\" href=\"https:\/\/nein-zur-bezahlkarte.de\/ku\/calak-bibin\/\" \/>\n<meta property=\"og:locale\" content=\"en_US\" \/>\n<meta property=\"og:type\" content=\"article\" \/>\n<meta property=\"og:title\" content=\"\u00c7alak bibin - Wir sagen Nein zur Bezahlkarte\" \/>\n<meta property=\"og:description\" content=\"Li dij\u00ee qerta peredan\u00ea gelek sedem hene. L\u00ea r\u00eay\u00ean curbecur j\u00ee hene ku meriv li hember w\u00ea xwe bipar\u00eaze \u00fb gavan bav\u00eaje. dan\u00fbstendinan H\u00fbn dikarin hem\u00fb agah\u00eey\u00ean li ser guhertina kuponan li vir bib\u00eenin . Ji bo ku bi hev re tevbigerin, dan\u00fbstandin \u00fb hevkariya bi kes\u00ean din re gir\u00eeng e. Bi heval, malbat, c\u00eeran [&hellip;]\" \/>\n<meta property=\"og:url\" content=\"https:\/\/nein-zur-bezahlkarte.de\/ku\/calak-bibin\/\" \/>\n<meta property=\"og:site_name\" content=\"Wir sagen Nein zur Bezahlkarte\" \/>\n<meta property=\"article:modified_time\" content=\"2025-12-16T17:45:26+00:00\" \/>\n<meta property=\"og:image\" content=\"https:\/\/nein-zur-bezahlkarte.de\/wp-content\/uploads\/2025\/06\/image-scaled.png\" \/>\n\t<meta property=\"og:image:width\" content=\"2560\" \/>\n\t<meta property=\"og:image:height\" content=\"1748\" \/>\n\t<meta property=\"og:image:type\" content=\"image\/png\" \/>\n<meta name=\"twitter:card\" content=\"summary_large_image\" \/>\n<meta name=\"twitter:label1\" content=\"Est. reading time\" \/>\n\t<meta name=\"twitter:data1\" content=\"2 \u062e\u0648\u0644\u06d5\u06a9\" \/>\n<script type=\"application\/ld+json\" class=\"yoast-schema-graph\">{\"@context\":\"https:\/\/schema.org\",\"@graph\":[{\"@type\":\"WebPage\",\"@id\":\"https:\/\/nein-zur-bezahlkarte.de\/ku\/calak-bibin\/\",\"url\":\"https:\/\/nein-zur-bezahlkarte.de\/ku\/calak-bibin\/\",\"name\":\"\u00c7alak bibin - Wir sagen Nein zur Bezahlkarte\",\"isPartOf\":{\"@id\":\"https:\/\/nein-zur-bezahlkarte.de\/ku\/#website\"},\"primaryImageOfPage\":{\"@id\":\"https:\/\/nein-zur-bezahlkarte.de\/ku\/calak-bibin\/#primaryimage\"},\"image\":{\"@id\":\"https:\/\/nein-zur-bezahlkarte.de\/ku\/calak-bibin\/#primaryimage\"},\"thumbnailUrl\":\"https:\/\/nein-zur-bezahlkarte.de\/wp-content\/uploads\/2025\/06\/image-1024x699.png\",\"datePublished\":\"2025-01-15T10:21:07+00:00\",\"dateModified\":\"2025-12-16T17:45:26+00:00\",\"breadcrumb\":{\"@id\":\"https:\/\/nein-zur-bezahlkarte.de\/ku\/calak-bibin\/#breadcrumb\"},\"inLanguage\":\"ckb\",\"potentialAction\":[{\"@type\":\"ReadAction\",\"target\":[\"https:\/\/nein-zur-bezahlkarte.de\/ku\/calak-bibin\/\"]}]},{\"@type\":\"ImageObject\",\"inLanguage\":\"ckb\",\"@id\":\"https:\/\/nein-zur-bezahlkarte.de\/ku\/calak-bibin\/#primaryimage\",\"url\":\"https:\/\/nein-zur-bezahlkarte.de\/wp-content\/uploads\/2025\/06\/image-1024x699.png\",\"contentUrl\":\"https:\/\/nein-zur-bezahlkarte.de\/wp-content\/uploads\/2025\/06\/image-1024x699.png\"},{\"@type\":\"BreadcrumbList\",\"@id\":\"https:\/\/nein-zur-bezahlkarte.de\/ku\/calak-bibin\/#breadcrumb\",\"itemListElement\":[{\"@type\":\"ListItem\",\"position\":1,\"name\":\"Startseite\",\"item\":\"https:\/\/nein-zur-bezahlkarte.de\/ku\/\"},{\"@type\":\"ListItem\",\"position\":2,\"name\":\"\u00c7alak bibin\"}]},{\"@type\":\"WebSite\",\"@id\":\"https:\/\/nein-zur-bezahlkarte.de\/ku\/#website\",\"url\":\"https:\/\/nein-zur-bezahlkarte.de\/ku\/\",\"name\":\"Wir sagen Nein zur Bezahlkarte\",\"description\":\"Impressum\",\"publisher\":{\"@id\":\"https:\/\/nein-zur-bezahlkarte.de\/ku\/#organization\"},\"potentialAction\":[{\"@type\":\"SearchAction\",\"target\":{\"@type\":\"EntryPoint\",\"urlTemplate\":\"https:\/\/nein-zur-bezahlkarte.de\/ku\/?s={search_term_string}\"},\"query-input\":{\"@type\":\"PropertyValueSpecification\",\"valueRequired\":true,\"valueName\":\"search_term_string\"}}],\"inLanguage\":\"ckb\"},{\"@type\":\"Organization\",\"@id\":\"https:\/\/nein-zur-bezahlkarte.de\/ku\/#organization\",\"name\":\"Wir sagen Nein zur Bezahlkarte\",\"url\":\"https:\/\/nein-zur-bezahlkarte.de\/ku\/\",\"logo\":{\"@type\":\"ImageObject\",\"inLanguage\":\"ckb\",\"@id\":\"https:\/\/nein-zur-bezahlkarte.de\/ku\/#\/schema\/logo\/image\/\",\"url\":\"https:\/\/nein-zur-bezahlkarte.de\/wp-content\/uploads\/2024\/11\/BZHLKRT_Logo_Vektoren_BRNDNBRG_Gelb.png\",\"contentUrl\":\"https:\/\/nein-zur-bezahlkarte.de\/wp-content\/uploads\/2024\/11\/BZHLKRT_Logo_Vektoren_BRNDNBRG_Gelb.png\",\"width\":5000,\"height\":5000,\"caption\":\"Wir sagen Nein zur Bezahlkarte\"},\"image\":{\"@id\":\"https:\/\/nein-zur-bezahlkarte.de\/ku\/#\/schema\/logo\/image\/\"}}]}<\/script>\n<!-- \/ Yoast SEO plugin. -->","yoast_head_json":{"title":"\u00c7alak bibin - Wir sagen Nein zur Bezahlkarte","robots":{"index":"index","follow":"follow","max-snippet":"max-snippet:-1","max-image-preview":"max-image-preview:large","max-video-preview":"max-video-preview:-1"},"canonical":"https:\/\/nein-zur-bezahlkarte.de\/ku\/calak-bibin\/","og_locale":"en_US","og_type":"article","og_title":"\u00c7alak bibin - Wir sagen Nein zur Bezahlkarte","og_description":"Li dij\u00ee qerta peredan\u00ea gelek sedem hene. L\u00ea r\u00eay\u00ean curbecur j\u00ee hene ku meriv li hember w\u00ea xwe bipar\u00eaze \u00fb gavan bav\u00eaje. dan\u00fbstendinan H\u00fbn dikarin hem\u00fb agah\u00eey\u00ean li ser guhertina kuponan li vir bib\u00eenin . Ji bo ku bi hev re tevbigerin, dan\u00fbstandin \u00fb hevkariya bi kes\u00ean din re gir\u00eeng e. Bi heval, malbat, c\u00eeran [&hellip;]","og_url":"https:\/\/nein-zur-bezahlkarte.de\/ku\/calak-bibin\/","og_site_name":"Wir sagen Nein zur Bezahlkarte","article_modified_time":"2025-12-16T17:45:26+00:00","og_image":[{"width":2560,"height":1748,"url":"https:\/\/nein-zur-bezahlkarte.de\/wp-content\/uploads\/2025\/06\/image-scaled.png","type":"image\/png"}],"twitter_card":"summary_large_image","twitter_misc":{"Est. reading time":"2 \u062e\u0648\u0644\u06d5\u06a9"},"schema":{"@context":"https:\/\/schema.org","@graph":[{"@type":"WebPage","@id":"https:\/\/nein-zur-bezahlkarte.de\/ku\/calak-bibin\/","url":"https:\/\/nein-zur-bezahlkarte.de\/ku\/calak-bibin\/","name":"\u00c7alak bibin - Wir sagen Nein zur Bezahlkarte","isPartOf":{"@id":"https:\/\/nein-zur-bezahlkarte.de\/ku\/#website"},"primaryImageOfPage":{"@id":"https:\/\/nein-zur-bezahlkarte.de\/ku\/calak-bibin\/#primaryimage"},"image":{"@id":"https:\/\/nein-zur-bezahlkarte.de\/ku\/calak-bibin\/#primaryimage"},"thumbnailUrl":"https:\/\/nein-zur-bezahlkarte.de\/wp-content\/uploads\/2025\/06\/image-1024x699.png","datePublished":"2025-01-15T10:21:07+00:00","dateModified":"2025-12-16T17:45:26+00:00","breadcrumb":{"@id":"https:\/\/nein-zur-bezahlkarte.de\/ku\/calak-bibin\/#breadcrumb"},"inLanguage":"ckb","potentialAction":[{"@type":"ReadAction","target":["https:\/\/nein-zur-bezahlkarte.de\/ku\/calak-bibin\/"]}]},{"@type":"ImageObject","inLanguage":"ckb","@id":"https:\/\/nein-zur-bezahlkarte.de\/ku\/calak-bibin\/#primaryimage","url":"https:\/\/nein-zur-bezahlkarte.de\/wp-content\/uploads\/2025\/06\/image-1024x699.png","contentUrl":"https:\/\/nein-zur-bezahlkarte.de\/wp-content\/uploads\/2025\/06\/image-1024x699.png"},{"@type":"BreadcrumbList","@id":"https:\/\/nein-zur-bezahlkarte.de\/ku\/calak-bibin\/#breadcrumb","itemListElement":[{"@type":"ListItem","position":1,"name":"Startseite","item":"https:\/\/nein-zur-bezahlkarte.de\/ku\/"},{"@type":"ListItem","position":2,"name":"\u00c7alak bibin"}]},{"@type":"WebSite","@id":"https:\/\/nein-zur-bezahlkarte.de\/ku\/#website","url":"https:\/\/nein-zur-bezahlkarte.de\/ku\/","name":"Wir sagen Nein zur Bezahlkarte","description":"Impressum","publisher":{"@id":"https:\/\/nein-zur-bezahlkarte.de\/ku\/#organization"},"potentialAction":[{"@type":"SearchAction","target":{"@type":"EntryPoint","urlTemplate":"https:\/\/nein-zur-bezahlkarte.de\/ku\/?s={search_term_string}"},"query-input":{"@type":"PropertyValueSpecification","valueRequired":true,"valueName":"search_term_string"}}],"inLanguage":"ckb"},{"@type":"Organization","@id":"https:\/\/nein-zur-bezahlkarte.de\/ku\/#organization","name":"Wir sagen Nein zur Bezahlkarte","url":"https:\/\/nein-zur-bezahlkarte.de\/ku\/","logo":{"@type":"ImageObject","inLanguage":"ckb","@id":"https:\/\/nein-zur-bezahlkarte.de\/ku\/#\/schema\/logo\/image\/","url":"https:\/\/nein-zur-bezahlkarte.de\/wp-content\/uploads\/2024\/11\/BZHLKRT_Logo_Vektoren_BRNDNBRG_Gelb.png","contentUrl":"https:\/\/nein-zur-bezahlkarte.de\/wp-content\/uploads\/2024\/11\/BZHLKRT_Logo_Vektoren_BRNDNBRG_Gelb.png","width":5000,"height":5000,"caption":"Wir sagen Nein zur Bezahlkarte"},"image":{"@id":"https:\/\/nein-zur-bezahlkarte.de\/ku\/#\/schema\/logo\/image\/"}}]}},"_links":{"self":[{"href":"https:\/\/nein-zur-bezahlkarte.de\/ku\/wp-json\/wp\/v2\/pages\/1550","targetHints":{"allow":["GET"]}}],"collection":[{"href":"https:\/\/nein-zur-bezahlkarte.de\/ku\/wp-json\/wp\/v2\/pages"}],"about":[{"href":"https:\/\/nein-zur-bezahlkarte.de\/ku\/wp-json\/wp\/v2\/types\/page"}],"author":[{"embeddable":true,"href":"https:\/\/nein-zur-bezahlkarte.de\/ku\/wp-json\/wp\/v2\/users\/4"}],"replies":[{"embeddable":true,"href":"https:\/\/nein-zur-bezahlkarte.de\/ku\/wp-json\/wp\/v2\/comments?post=1550"}],"version-history":[{"count":11,"href":"https:\/\/nein-zur-bezahlkarte.de\/ku\/wp-json\/wp\/v2\/pages\/1550\/revisions"}],"predecessor-version":[{"id":3605,"href":"https:\/\/nein-zur-bezahlkarte.de\/ku\/wp-json\/wp\/v2\/pages\/1550\/revisions\/3605"}],"wp:attachment":[{"href":"https:\/\/nein-zur-bezahlkarte.de\/ku\/wp-json\/wp\/v2\/media?parent=1550"}],"curies":[{"name":"wp","href":"https:\/\/api.w.org\/{rel}","templated":true}]}}