{"id":1602,"date":"2024-11-22T23:40:36","date_gmt":"2024-11-22T22:40:36","guid":{"rendered":"https:\/\/nein-zur-bezahlkarte.de\/pirsen-pir-pir-dipirsin\/"},"modified":"2025-02-04T09:39:19","modified_gmt":"2025-02-04T08:39:19","slug":"pirsen-pir-pir-dipirsin","status":"publish","type":"page","link":"https:\/\/nein-zur-bezahlkarte.de\/ku\/pirsen-pir-pir-dipirsin\/","title":{"rendered":"Pirs\u00ean Pir Pir Dipirsin"},"content":{"rendered":"\n<h2 class=\"wp-block-heading\">Ji bo hem\u00fbyan<\/h2>\n\n<details class=\"wp-block-details has-border-color has-accent-1-border-color has-base-background-color has-background has-large-font-size is-layout-flow wp-container-core-details-is-layout-5ee245bb wp-block-details-is-layout-flow\" style=\"border-style:solid;border-width:4px;padding-top:var(--wp--preset--spacing--30);padding-right:var(--wp--preset--spacing--40);padding-bottom:var(--wp--preset--spacing--30);padding-left:var(--wp--preset--spacing--40);line-height:1.5\"><summary><strong>Ma dan\u00fbstandin qan\u00fbn\u00ee ne?<\/strong><\/summary>\n<p>Er\u00ea, ew qan\u00fbn\u00ee ne!<br\/> Heya niha qan\u00fbnek ku kampanyay\u00ean berhevkirina drav hat\u00ee vegotin qedexe dike tune.<br\/> Li Munchen\u00ea, gelek kesan ev pirs ji pol\u00ees kirin, ku dozgeriya gi\u015ft\u00ee ne\u00e7ar ma ku li ser \u015f\u00eerove bike: Ew ne daxwaz e, l\u00ea yasay\u00ee ye, \u00fb ti\u015ftek j\u00ea nay\u00ea kirin.<br\/> Bayerischer Rundfunk li ser v\u00ea yek\u00ea roja 23.07.24 <a href=\"https:\/\/www.br.de\/nachrichten\/bayern\/buendnis-umgeht-bargeldlimit-bei-bezahlkarte-fuer-gefluechtete,UImJph1\">ragihand<\/a> . <a href=\"https:\/\/x.com\/PolizeiMuenchen\/status\/1812782804259737929\">Pol\u00ees\u00ea Munchen\u00ea<\/a> j\u00ee li ser v\u00ea yek\u00ea daxuyan\u00ee da.<br\/> Daxwaza CSU ya niha ya kr\u00eem\u00eenal\u00eezekirina dan\u00fbstendinan ji popul\u00eezm\u00ea p\u00ea ve ne ti\u015ftek e. Par\u00eazerek di <a href=\"https:\/\/www.nd-aktuell.de\/artikel\/1187082.asylpolitik-csu-moechte-bezahlkarten-tausch-verbieten.html\">hevpeyiv\u00eenek<\/a> bi <em>Almanyaya n\u00fb<\/em> re di 26\u00ea Mijdara 2024-an de got ku pevguhertin an ji n\u00fb ve guheztin ne bi s\u00fbcdariyek t\u00eakildar e an j\u00ee bi cezay\u00ean din re t\u00eakildar n\u00eene.  <\/p>\n<\/details>\n\n<details class=\"wp-block-details has-border-color has-accent-1-border-color has-base-background-color has-background has-large-font-size is-layout-flow wp-container-core-details-is-layout-5ee245bb wp-block-details-is-layout-flow\" style=\"border-style:solid;border-width:4px;padding-top:var(--wp--preset--spacing--30);padding-right:var(--wp--preset--spacing--40);padding-bottom:var(--wp--preset--spacing--30);padding-left:var(--wp--preset--spacing--40);line-height:1.5\"><summary><strong>Ev \u00e7i cure bex\u015f in?  <\/strong><\/summary>\n<p>Vana bi gelemper\u00ee kart\u00ean plast\u00eek in ku li qada dan\u00fbstendin\u00ea t\u00eane daliqandin. H\u00fbn dikarin di dravdan\u00ea de m\u00eeqdarek li van qertan were barkirin. Em p\u00ea\u015fniyar dikin ku ji 50 euro z\u00eadetir li ser qertek\u00ea bar nekin, ji ber ku ev yek guheztina w\u00ea h\u00easantir dike.<br\/> Pi\u015ft\u00ee dan\u00fbstendin\u00ea, van qertan dikarin werin bikar an\u00een da ku di firotgeha ku j\u00ea hatine de bi gelemper\u00ee bidin.  <\/p>\n<\/details>\n\n<details class=\"wp-block-details has-border-color has-accent-1-border-color has-base-background-color has-background has-large-font-size is-layout-flow wp-container-core-details-is-layout-5ee245bb wp-block-details-is-layout-flow\" style=\"border-style:solid;border-width:4px;padding-top:var(--wp--preset--spacing--30);padding-right:var(--wp--preset--spacing--40);padding-bottom:var(--wp--preset--spacing--30);padding-left:var(--wp--preset--spacing--40);line-height:1.5\"><summary><strong>Ma vebijarka kir\u00eena voucheran bi ten\u00ea nay\u00ea asteng kirin?<\/strong><\/summary>\n<p class=\"has-large-font-size\">Eger bixwesta j\u00ee ji aliy\u00ea tekn\u00eek\u00ee ve ne p\u00eakan b\u00fb.<\/p>\n\n\n\n<p>Ne mimk\u00fbn e ku operator\u00ean kart\u00ea bib\u00eenin ka bi rast\u00ee \u00e7i hat\u00ee kir\u00een.<\/p>\n\n\n\n<p>Astengkirina kir\u00eena voucheran d\u00ea niha ten\u00ea gengaz be heke tevahiya supermarket ji kir\u00een\u00ea re girt\u00ee be. Ev nekare bibe ji ber ku kes\u00ean xwed\u00ee qert\u00ean dravdan\u00ea d\u00ea ji vebijark\u00ean kirr\u00fbbirr\u00ea qut bibin. <\/p>\n\n\n\n<p>L\u00eabel\u00ea, siyasetmedar dikarin zext\u00ea li ser zinc\u00eerey\u00ean supermarketan \u00fb bi v\u00ee reng\u00ee li karmend\u00ean xwe j\u00ee bikin.<\/p>\n\n\n\n<p class=\"has-large-font-size\">R\u00eaveber\u00ean \u015fax\u00ean n\u00eejadperest j\u00ee hene. Heger ti\u015ftek\u00ee wiha bi we re hatibe, w\u00ea ji mecl\u00eesa penaberan, karmend\u00ea entegrasyon\u00ea an j\u00ee navenda \u015f\u00eawirmendiy\u00ea ya li dij\u00ee cudakariy\u00ea re ragih\u00eenin. <\/p>\n\n\n\n<details class=\"wp-block-details has-border-color has-accent-1-border-color has-base-background-color has-background has-large-font-size is-layout-flow wp-container-core-details-is-layout-5ee245bb wp-block-details-is-layout-flow\" style=\"border-style:solid;border-width:4px;padding-top:var(--wp--preset--spacing--30);padding-right:var(--wp--preset--spacing--40);padding-bottom:var(--wp--preset--spacing--30);padding-left:var(--wp--preset--spacing--40);line-height:1.5\"><summary><strong>Ev bi rast\u00ee bi tekn\u00eek\u00ee \u00e7awa dixebite?  <\/strong><\/summary>\n<p class=\"has-large-font-size\">Kir\u00een\u00ean li ser qerta dravdan\u00ea bi karan\u00eena hejmar\u00ean MCC t\u00eane kategor\u00eeze kirin. M\u00eenak\u00ee, s\u00fbpermarket koda MCC 5411 heye. Li supermarket\u00ea \u00e7i t\u00ea kir\u00een j\u00ee, ev kod her gav xuya dike. Bi v\u00ee reng\u00ee, p\u00ee\u015fesaziy\u00ean wek\u00ee qumar an veguheztina drav dikarin werin derxistin, l\u00ea ne hilber\u00ean taybet\u00ee.   <\/p>\n\n\n\n<p class=\"has-large-font-size\">P\u00ea\u015fk\u00ea\u015fvan dib\u00eajin ku ew li ser r\u00eabaz\u00ean din dixebitin ku kir\u00een\u00ean voucher nas bikin. Ma ev real\u00eest e, ne diyar e. <\/p>\n<\/details>\n<\/details>\n\n<p><\/p>\n\n<p><\/p>\n\n<h2 class=\"wp-block-heading\">Ji bo kes\u00ean bi kart\u00ean peredana<\/h2>\n\n<details class=\"wp-block-details has-border-color has-accent-1-border-color has-base-background-color has-background has-large-font-size is-layout-flow wp-container-core-details-is-layout-5ee245bb wp-block-details-is-layout-flow\" style=\"border-style:solid;border-width:4px;padding-top:var(--wp--preset--spacing--30);padding-right:var(--wp--preset--spacing--40);padding-bottom:var(--wp--preset--spacing--30);padding-left:var(--wp--preset--spacing--40);line-height:1.5\"><summary><strong>Min qerta dravdan\u00ea heye \u00fb kesek nas nakim ku ez bikaribim p\u00ea re biguherim<\/strong><\/summary>\n<p class=\"has-large-font-size\">Di p\u00ea\u015feroj\u00ea de, em dixwazin cih\u00ean bex\u015f\u00een\u00ea y\u00ean navend\u00ee ava bikin. Heke h\u00fbn dixwazin al\u00eekariy\u00ea bikin ku v\u00ea rastiy\u00ea bikin, ji kerema xwe bi me re t\u00eakil\u00ee daynin. <\/p>\n\n\n\n<p class=\"has-large-font-size\">Wek\u00ee din, \u00e7av\u00ean xwe vekir\u00ee bih\u00ealin \u00fb ji kes\u00ean ku h\u00fbn nas dikin bipirsin \u2013 dibe ku jixwe li devera we \u00eensiyat\u00eefek heye ku guheztin\u00ea p\u00ea\u015fk\u00ea\u015f\u00ee dike. Wek\u00ee din e-nameyek ji me re biniv\u00eesin.   <\/p>\n\n\n\n<p>Li vir h\u00fbn dikarin c\u00eeh\u00ean dan\u00fbstendin\u00ea an destp\u00ea\u015fxeriy\u00ean ku ti\u015ft\u00ean weha organ\u00eeze dikin bib\u00eenin.<\/p>\n<\/details>\n\n<details class=\"wp-block-details has-border-color has-accent-1-border-color has-base-background-color has-background has-large-font-size is-layout-flow wp-container-core-details-is-layout-5ee245bb wp-block-details-is-layout-flow\" style=\"border-style:solid;border-width:4px;padding-top:var(--wp--preset--spacing--30);padding-right:var(--wp--preset--spacing--40);padding-bottom:var(--wp--preset--spacing--30);padding-left:var(--wp--preset--spacing--40);line-height:1.5\"><summary><strong>\u00c7ima div\u00ea ez meqb\u00fbza f\u00ee\u015fek\u00ea b\u00eenim?<\/strong><\/summary>\n<p class=\"has-large-font-size\">Dema veqetandina voucheran gelek caran xelet\u00ee \u00e7\u00eadibin. Meqb\u00fbz del\u00eel peyda dike \u00fb drav winda nabe. <\/p>\n<\/details>\n\n<details class=\"wp-block-details has-border-color has-accent-1-border-color has-base-background-color has-background has-large-font-size is-layout-flow wp-container-core-details-is-layout-5ee245bb wp-block-details-is-layout-flow\" style=\"border-style:solid;border-width:4px;padding-top:var(--wp--preset--spacing--30);padding-right:var(--wp--preset--spacing--40);padding-bottom:var(--wp--preset--spacing--30);padding-left:var(--wp--preset--spacing--40);line-height:1.5\"><summary><strong>Ez dikarim li k\u00eejan supermarketan depoyan bikirim?<\/strong><\/summary>\n<p class=\"has-large-font-size\">H\u00fbn dikarin li piraniya firotgehan qursan bikirin. Em p\u00ea\u015fniyar dikin ku qursan li supermarket\u00ean her\u00ee populer bikirin: Lidl, Aldi, Edeka, Penny, Rewe, Kaufland, DM, Alnatura. <\/p>\n<\/details>\n\n<p><\/p>\n\n<p><\/p>\n\n<h2 class=\"wp-block-heading\">Ji bo kes\u00ean b\u00ea karta peredan\u00ea<\/h2>\n\n<details class=\"wp-block-details has-border-color has-accent-1-border-color has-base-background-color has-background has-large-font-size is-layout-flow wp-container-core-details-is-layout-5ee245bb wp-block-details-is-layout-flow\" style=\"border-style:solid;border-width:4px;padding-top:var(--wp--preset--spacing--30);padding-right:var(--wp--preset--spacing--40);padding-bottom:var(--wp--preset--spacing--30);padding-left:var(--wp--preset--spacing--40);line-height:1.5\"><summary><strong>Ez penaberan nas nakim ku div\u00ea bi qerta peredan\u00ea bidin<\/strong><\/summary>\n<p class=\"has-large-font-size\">Di p\u00ea\u015feroj\u00ea de, em dixwazin cih\u00ean bex\u015f\u00een\u00ea y\u00ean navend\u00ee ava bikin. Heke h\u00fbn dixwazin al\u00eekariy\u00ea bikin ku v\u00ea rastiy\u00ea bikin, ji kerema xwe bi me re t\u00eakil\u00ee daynin. <\/p>\n\n\n\n<p class=\"has-large-font-size\">Her weha \u00e7av\u00ean xwe vekir\u00ee bih\u00ealin \u00fb bi kes\u00ean ku h\u00fbn nas dikin re bipeyivin \u2013 dibe ku jixwe li devera we \u00eensiyat\u00eefek hebe ku we p\u00ea nizanib\u00fb. Her weha h\u00fbn dikarin bi akt\u00eev\u00eest\u00ean her\u00eam\u00ee, navend\u00ean \u015f\u00eawirmendiy\u00ea, civ\u00een\u00ean taxan an efser\u00ean entegrasyon\u00ea re t\u00eakil\u00ee daynin da ku bi kes\u00ean xwed\u00ee qert\u00ean dravdan\u00ea re t\u00eakiliy\u00ea deynin. <\/p>\n<\/details>\n\n<details class=\"wp-block-details has-border-color has-accent-1-border-color has-base-background-color has-background has-large-font-size is-layout-flow wp-container-core-details-is-layout-5ee245bb wp-block-details-is-layout-flow\" style=\"border-style:solid;border-width:4px;padding-top:var(--wp--preset--spacing--30);padding-right:var(--wp--preset--spacing--40);padding-bottom:var(--wp--preset--spacing--30);padding-left:var(--wp--preset--spacing--40);line-height:1.5\"><summary><strong>Ez \u00e7awa dikarim bizanim \u00e7end pere li ser f\u00ee\u015fek\u00ea heye?  <\/strong><\/summary>\n<p class=\"has-large-font-size\">Li ser qert\u00ean voucher h\u00fbn \u00ea zeviyek z\u00eev bib\u00eenin ku h\u00fbn dikarin j\u00ea bikin. Bi karan\u00eena jimareya li j\u00ear, h\u00fbn dikarin serh\u00eal bib\u00eenin ka \u00e7iqas drav li ser voucher heye. <\/p>\n\n\n\n<p>Dema ku h\u00fbn f\u00ee\u015fek\u00ea biguher\u00eenin, h\u00fbn \u00ea bi gelemper\u00ee ji bo w\u00ea j\u00ee meqb\u00fbzek\u00ea wergirin. M\u00eeqdar j\u00ee li wir t\u00ea destn\u00ee\u015fan kirin. <\/p>\n<\/details>\n\n<details class=\"wp-block-details has-border-color has-accent-1-border-color has-base-background-color has-background has-large-font-size is-layout-flow wp-container-core-details-is-layout-5ee245bb wp-block-details-is-layout-flow\" style=\"border-style:solid;border-width:4px;padding-top:var(--wp--preset--spacing--30);padding-right:var(--wp--preset--spacing--40);padding-bottom:var(--wp--preset--spacing--30);padding-left:var(--wp--preset--spacing--40);line-height:1.5\"><summary><strong>D\u00fbre \u00e7iqas derbasdar e?  <\/strong><\/summary>\n<p class=\"has-large-font-size\">Vu\u00e7er bi gelemper\u00ee 3 salan derbasdar in.  <\/p>\n<\/details>\n\n<p class=\"has-large-font-size\">H\u00fbn nikarin bersiva pirsa xwe bib\u00eenin? Ji me re e-nameyek bi\u015f\u00eenin. <\/p>\n\n<p><\/p>\n\n<p><\/p>\n\n<p><\/p>\n\n<p><\/p>\n\n<p><\/p>\n","protected":false},"excerpt":{"rendered":"<p>Ji bo hem\u00fbyan Ji bo kes\u00ean bi kart\u00ean peredana Ji bo kes\u00ean b\u00ea karta peredan\u00ea H\u00fbn nikarin bersiva pirsa xwe bib\u00eenin? Ji me re e-nameyek bi\u015f\u00eenin.<\/p>\n","protected":false},"author":3,"featured_media":964,"parent":0,"menu_order":0,"comment_status":"closed","ping_status":"closed","template":"","meta":{"footnotes":""},"class_list":["post-1602","page","type-page","status-publish","has-post-thumbnail","hentry"],"yoast_head":"<!-- This site is optimized with the Yoast SEO plugin v26.4 - https:\/\/yoast.com\/wordpress\/plugins\/seo\/ -->\n<title>Pirs\u00ean Pir Pir Dipirsin - Wir sagen Nein zur Bezahlkarte<\/title>\n<meta name=\"robots\" content=\"index, follow, max-snippet:-1, max-image-preview:large, max-video-preview:-1\" \/>\n<link rel=\"canonical\" href=\"https:\/\/nein-zur-bezahlkarte.de\/ku\/pirsen-pir-pir-dipirsin\/\" \/>\n<meta property=\"og:locale\" content=\"en_US\" \/>\n<meta property=\"og:type\" content=\"article\" \/>\n<meta property=\"og:title\" content=\"Pirs\u00ean Pir Pir Dipirsin - Wir sagen Nein zur Bezahlkarte\" \/>\n<meta property=\"og:description\" content=\"Ji bo hem\u00fbyan Ji bo kes\u00ean bi kart\u00ean peredana Ji bo kes\u00ean b\u00ea karta peredan\u00ea H\u00fbn nikarin bersiva pirsa xwe bib\u00eenin? Ji me re e-nameyek bi\u015f\u00eenin.\" \/>\n<meta property=\"og:url\" content=\"https:\/\/nein-zur-bezahlkarte.de\/ku\/pirsen-pir-pir-dipirsin\/\" \/>\n<meta property=\"og:site_name\" content=\"Wir sagen Nein zur Bezahlkarte\" \/>\n<meta property=\"article:modified_time\" content=\"2025-02-04T08:39:19+00:00\" \/>\n<meta property=\"og:image\" content=\"https:\/\/nein-zur-bezahlkarte.de\/wp-content\/uploads\/2024\/12\/Vector_WikiAnswers_Orange_Avatar_Question_Man.svg_.png\" \/>\n\t<meta property=\"og:image:width\" content=\"600\" \/>\n\t<meta property=\"og:image:height\" content=\"600\" \/>\n\t<meta property=\"og:image:type\" content=\"image\/png\" \/>\n<meta name=\"twitter:card\" content=\"summary_large_image\" \/>\n<meta name=\"twitter:label1\" content=\"Est. reading time\" \/>\n\t<meta name=\"twitter:data1\" content=\"4 \u062e\u0648\u0644\u06d5\u06a9\" \/>\n<script type=\"application\/ld+json\" class=\"yoast-schema-graph\">{\"@context\":\"https:\/\/schema.org\",\"@graph\":[{\"@type\":\"WebPage\",\"@id\":\"https:\/\/nein-zur-bezahlkarte.de\/ku\/pirsen-pir-pir-dipirsin\/\",\"url\":\"https:\/\/nein-zur-bezahlkarte.de\/ku\/pirsen-pir-pir-dipirsin\/\",\"name\":\"Pirs\u00ean Pir Pir Dipirsin - Wir sagen Nein zur Bezahlkarte\",\"isPartOf\":{\"@id\":\"https:\/\/nein-zur-bezahlkarte.de\/ku\/#website\"},\"primaryImageOfPage\":{\"@id\":\"https:\/\/nein-zur-bezahlkarte.de\/ku\/pirsen-pir-pir-dipirsin\/#primaryimage\"},\"image\":{\"@id\":\"https:\/\/nein-zur-bezahlkarte.de\/ku\/pirsen-pir-pir-dipirsin\/#primaryimage\"},\"thumbnailUrl\":\"https:\/\/nein-zur-bezahlkarte.de\/wp-content\/uploads\/2024\/12\/Vector_WikiAnswers_Orange_Avatar_Question_Man.svg_.png\",\"datePublished\":\"2024-11-22T22:40:36+00:00\",\"dateModified\":\"2025-02-04T08:39:19+00:00\",\"breadcrumb\":{\"@id\":\"https:\/\/nein-zur-bezahlkarte.de\/ku\/pirsen-pir-pir-dipirsin\/#breadcrumb\"},\"inLanguage\":\"ckb\",\"potentialAction\":[{\"@type\":\"ReadAction\",\"target\":[\"https:\/\/nein-zur-bezahlkarte.de\/ku\/pirsen-pir-pir-dipirsin\/\"]}]},{\"@type\":\"ImageObject\",\"inLanguage\":\"ckb\",\"@id\":\"https:\/\/nein-zur-bezahlkarte.de\/ku\/pirsen-pir-pir-dipirsin\/#primaryimage\",\"url\":\"https:\/\/nein-zur-bezahlkarte.de\/wp-content\/uploads\/2024\/12\/Vector_WikiAnswers_Orange_Avatar_Question_Man.svg_.png\",\"contentUrl\":\"https:\/\/nein-zur-bezahlkarte.de\/wp-content\/uploads\/2024\/12\/Vector_WikiAnswers_Orange_Avatar_Question_Man.svg_.png\",\"width\":600,\"height\":600},{\"@type\":\"BreadcrumbList\",\"@id\":\"https:\/\/nein-zur-bezahlkarte.de\/ku\/pirsen-pir-pir-dipirsin\/#breadcrumb\",\"itemListElement\":[{\"@type\":\"ListItem\",\"position\":1,\"name\":\"Startseite\",\"item\":\"https:\/\/nein-zur-bezahlkarte.de\/ku\/\"},{\"@type\":\"ListItem\",\"position\":2,\"name\":\"Pirs\u00ean Pir Pir Dipirsin\"}]},{\"@type\":\"WebSite\",\"@id\":\"https:\/\/nein-zur-bezahlkarte.de\/ku\/#website\",\"url\":\"https:\/\/nein-zur-bezahlkarte.de\/ku\/\",\"name\":\"Wir sagen Nein zur Bezahlkarte\",\"description\":\"Impressum\",\"publisher\":{\"@id\":\"https:\/\/nein-zur-bezahlkarte.de\/ku\/#organization\"},\"potentialAction\":[{\"@type\":\"SearchAction\",\"target\":{\"@type\":\"EntryPoint\",\"urlTemplate\":\"https:\/\/nein-zur-bezahlkarte.de\/ku\/?s={search_term_string}\"},\"query-input\":{\"@type\":\"PropertyValueSpecification\",\"valueRequired\":true,\"valueName\":\"search_term_string\"}}],\"inLanguage\":\"ckb\"},{\"@type\":\"Organization\",\"@id\":\"https:\/\/nein-zur-bezahlkarte.de\/ku\/#organization\",\"name\":\"Wir sagen Nein zur Bezahlkarte\",\"url\":\"https:\/\/nein-zur-bezahlkarte.de\/ku\/\",\"logo\":{\"@type\":\"ImageObject\",\"inLanguage\":\"ckb\",\"@id\":\"https:\/\/nein-zur-bezahlkarte.de\/ku\/#\/schema\/logo\/image\/\",\"url\":\"https:\/\/nein-zur-bezahlkarte.de\/wp-content\/uploads\/2024\/11\/BZHLKRT_Logo_Vektoren_BRNDNBRG_Gelb.png\",\"contentUrl\":\"https:\/\/nein-zur-bezahlkarte.de\/wp-content\/uploads\/2024\/11\/BZHLKRT_Logo_Vektoren_BRNDNBRG_Gelb.png\",\"width\":5000,\"height\":5000,\"caption\":\"Wir sagen Nein zur Bezahlkarte\"},\"image\":{\"@id\":\"https:\/\/nein-zur-bezahlkarte.de\/ku\/#\/schema\/logo\/image\/\"}}]}<\/script>\n<!-- \/ Yoast SEO plugin. -->","yoast_head_json":{"title":"Pirs\u00ean Pir Pir Dipirsin - Wir sagen Nein zur Bezahlkarte","robots":{"index":"index","follow":"follow","max-snippet":"max-snippet:-1","max-image-preview":"max-image-preview:large","max-video-preview":"max-video-preview:-1"},"canonical":"https:\/\/nein-zur-bezahlkarte.de\/ku\/pirsen-pir-pir-dipirsin\/","og_locale":"en_US","og_type":"article","og_title":"Pirs\u00ean Pir Pir Dipirsin - Wir sagen Nein zur Bezahlkarte","og_description":"Ji bo hem\u00fbyan Ji bo kes\u00ean bi kart\u00ean peredana Ji bo kes\u00ean b\u00ea karta peredan\u00ea H\u00fbn nikarin bersiva pirsa xwe bib\u00eenin? Ji me re e-nameyek bi\u015f\u00eenin.","og_url":"https:\/\/nein-zur-bezahlkarte.de\/ku\/pirsen-pir-pir-dipirsin\/","og_site_name":"Wir sagen Nein zur Bezahlkarte","article_modified_time":"2025-02-04T08:39:19+00:00","og_image":[{"width":600,"height":600,"url":"https:\/\/nein-zur-bezahlkarte.de\/wp-content\/uploads\/2024\/12\/Vector_WikiAnswers_Orange_Avatar_Question_Man.svg_.png","type":"image\/png"}],"twitter_card":"summary_large_image","twitter_misc":{"Est. reading time":"4 \u062e\u0648\u0644\u06d5\u06a9"},"schema":{"@context":"https:\/\/schema.org","@graph":[{"@type":"WebPage","@id":"https:\/\/nein-zur-bezahlkarte.de\/ku\/pirsen-pir-pir-dipirsin\/","url":"https:\/\/nein-zur-bezahlkarte.de\/ku\/pirsen-pir-pir-dipirsin\/","name":"Pirs\u00ean Pir Pir Dipirsin - Wir sagen Nein zur Bezahlkarte","isPartOf":{"@id":"https:\/\/nein-zur-bezahlkarte.de\/ku\/#website"},"primaryImageOfPage":{"@id":"https:\/\/nein-zur-bezahlkarte.de\/ku\/pirsen-pir-pir-dipirsin\/#primaryimage"},"image":{"@id":"https:\/\/nein-zur-bezahlkarte.de\/ku\/pirsen-pir-pir-dipirsin\/#primaryimage"},"thumbnailUrl":"https:\/\/nein-zur-bezahlkarte.de\/wp-content\/uploads\/2024\/12\/Vector_WikiAnswers_Orange_Avatar_Question_Man.svg_.png","datePublished":"2024-11-22T22:40:36+00:00","dateModified":"2025-02-04T08:39:19+00:00","breadcrumb":{"@id":"https:\/\/nein-zur-bezahlkarte.de\/ku\/pirsen-pir-pir-dipirsin\/#breadcrumb"},"inLanguage":"ckb","potentialAction":[{"@type":"ReadAction","target":["https:\/\/nein-zur-bezahlkarte.de\/ku\/pirsen-pir-pir-dipirsin\/"]}]},{"@type":"ImageObject","inLanguage":"ckb","@id":"https:\/\/nein-zur-bezahlkarte.de\/ku\/pirsen-pir-pir-dipirsin\/#primaryimage","url":"https:\/\/nein-zur-bezahlkarte.de\/wp-content\/uploads\/2024\/12\/Vector_WikiAnswers_Orange_Avatar_Question_Man.svg_.png","contentUrl":"https:\/\/nein-zur-bezahlkarte.de\/wp-content\/uploads\/2024\/12\/Vector_WikiAnswers_Orange_Avatar_Question_Man.svg_.png","width":600,"height":600},{"@type":"BreadcrumbList","@id":"https:\/\/nein-zur-bezahlkarte.de\/ku\/pirsen-pir-pir-dipirsin\/#breadcrumb","itemListElement":[{"@type":"ListItem","position":1,"name":"Startseite","item":"https:\/\/nein-zur-bezahlkarte.de\/ku\/"},{"@type":"ListItem","position":2,"name":"Pirs\u00ean Pir Pir Dipirsin"}]},{"@type":"WebSite","@id":"https:\/\/nein-zur-bezahlkarte.de\/ku\/#website","url":"https:\/\/nein-zur-bezahlkarte.de\/ku\/","name":"Wir sagen Nein zur Bezahlkarte","description":"Impressum","publisher":{"@id":"https:\/\/nein-zur-bezahlkarte.de\/ku\/#organization"},"potentialAction":[{"@type":"SearchAction","target":{"@type":"EntryPoint","urlTemplate":"https:\/\/nein-zur-bezahlkarte.de\/ku\/?s={search_term_string}"},"query-input":{"@type":"PropertyValueSpecification","valueRequired":true,"valueName":"search_term_string"}}],"inLanguage":"ckb"},{"@type":"Organization","@id":"https:\/\/nein-zur-bezahlkarte.de\/ku\/#organization","name":"Wir sagen Nein zur Bezahlkarte","url":"https:\/\/nein-zur-bezahlkarte.de\/ku\/","logo":{"@type":"ImageObject","inLanguage":"ckb","@id":"https:\/\/nein-zur-bezahlkarte.de\/ku\/#\/schema\/logo\/image\/","url":"https:\/\/nein-zur-bezahlkarte.de\/wp-content\/uploads\/2024\/11\/BZHLKRT_Logo_Vektoren_BRNDNBRG_Gelb.png","contentUrl":"https:\/\/nein-zur-bezahlkarte.de\/wp-content\/uploads\/2024\/11\/BZHLKRT_Logo_Vektoren_BRNDNBRG_Gelb.png","width":5000,"height":5000,"caption":"Wir sagen Nein zur Bezahlkarte"},"image":{"@id":"https:\/\/nein-zur-bezahlkarte.de\/ku\/#\/schema\/logo\/image\/"}}]}},"_links":{"self":[{"href":"https:\/\/nein-zur-bezahlkarte.de\/ku\/wp-json\/wp\/v2\/pages\/1602","targetHints":{"allow":["GET"]}}],"collection":[{"href":"https:\/\/nein-zur-bezahlkarte.de\/ku\/wp-json\/wp\/v2\/pages"}],"about":[{"href":"https:\/\/nein-zur-bezahlkarte.de\/ku\/wp-json\/wp\/v2\/types\/page"}],"author":[{"embeddable":true,"href":"https:\/\/nein-zur-bezahlkarte.de\/ku\/wp-json\/wp\/v2\/users\/3"}],"replies":[{"embeddable":true,"href":"https:\/\/nein-zur-bezahlkarte.de\/ku\/wp-json\/wp\/v2\/comments?post=1602"}],"version-history":[{"count":1,"href":"https:\/\/nein-zur-bezahlkarte.de\/ku\/wp-json\/wp\/v2\/pages\/1602\/revisions"}],"predecessor-version":[{"id":1603,"href":"https:\/\/nein-zur-bezahlkarte.de\/ku\/wp-json\/wp\/v2\/pages\/1602\/revisions\/1603"}],"wp:featuredmedia":[{"embeddable":true,"href":"https:\/\/nein-zur-bezahlkarte.de\/ku\/wp-json\/wp\/v2\/media\/964"}],"wp:attachment":[{"href":"https:\/\/nein-zur-bezahlkarte.de\/ku\/wp-json\/wp\/v2\/media?parent=1602"}],"curies":[{"name":"wp","href":"https:\/\/api.w.org\/{rel}","templated":true}]}}