{"id":1623,"date":"2024-11-22T23:35:20","date_gmt":"2024-11-22T22:35:20","guid":{"rendered":"https:\/\/nein-zur-bezahlkarte.de\/beyi-karta-peredane\/"},"modified":"2025-04-29T19:02:57","modified_gmt":"2025-04-29T17:02:57","slug":"beyi-karta-peredane","status":"publish","type":"page","link":"https:\/\/nein-zur-bezahlkarte.de\/ku\/beyi-karta-peredane\/","title":{"rendered":"B\u00eay\u00ee karta peredan\u00ea"},"content":{"rendered":"\n<p class=\"has-large-font-size\"><\/p>\n\n<p class=\"has-x-large-font-size\"><strong>Kampanyay\u00ean dan\u00fbstendin\u00ea \u2013 li \u015f\u00fbna qerta drav\u00ea<\/strong><\/p>\n\n<p class=\"has-large-font-size\">Li Brandenburg\u00ea penaber perey\u00ean xwe bi qerta peredan\u00ea dist\u00eenin. Bi v\u00ea kart\u00ea h\u00fbn nikarin meh\u00ea z\u00eadetir\u00ee 50 \u20ac drav bik\u015f\u00eenin. Ev s\u00eenor cudakar\u00ee ye. Ma h\u00fbn dixwazin bi kart\u00ean dravdan\u00ea pi\u015ftgir\u00ee bidin mirovan \u00fb ji wan re bibin al\u00eekar ku b\u00eatir drav\u00ea bist\u00eenin? Gelek away\u00ean ku v\u00ea yek\u00ea bikin hene:    <\/p>\n\n<div class=\"wp-block-columns is-layout-flex wp-container-core-columns-is-layout-28f84493 wp-block-columns-is-layout-flex\">\n<div class=\"wp-block-column has-accent-1-background-color has-background is-layout-flow wp-block-column-is-layout-flow\" style=\"padding-top:var(--wp--preset--spacing--30);padding-right:var(--wp--preset--spacing--30);padding-bottom:var(--wp--preset--spacing--30);padding-left:var(--wp--preset--spacing--30)\">\n<p class=\"has-x-large-font-size\"><strong>kir\u00een\u00ean tandem<\/strong><\/p>\n\n\n\n<p class=\"has-large-font-size\">H\u00fbn dikarin bi kesek\u00ee ku qerta dravdan\u00ea heye re r\u00ea bidin ku bi\u00e7in kir\u00een\u00ea. Kes ji bo kir\u00eena we di dawiy\u00ea de bi qerta dravdan\u00ea dide \u00fb h\u00fbn nirx\u00ea kir\u00een\u00ea bi drav didin wan. <\/p>\n\n\n\n<figure class=\"wp-block-image size-full has-custom-border\"><img loading=\"lazy\" decoding=\"async\" width=\"843\" height=\"1124\" src=\"https:\/\/nein-zur-bezahlkarte.de\/wp-content\/uploads\/2024\/11\/shopping-tandem.jpeg\" alt=\"SHOPPING TANDEM&#10;9 w&#xEA;ney&#xEA;n ku t&#xEA;geh&#xEA; rave dikin:&#10;1. Kes&#xEA; bi sembola amp&#xFB;l&#xEA; ji bo raman&#xEA;&#10; Niv&#xEE;sar: &quot;H&#xFB;n kesek nas dikin ku karta dravdan&#xEA; heye?&quot;&#10; 2. Du kes&#xEA;n bi bilbil&#xEA;n axaftin&#xEA;&#10; Niv&#xEE;sar: &quot;Bipirsin gelo tandemek kirr&#xFB;birr&#xEA; t&#xEA; xwestin.&quot;&#10; 3. Du kes dest&#xEA; xwe dihej&#xEE;nin.&#10;Niv&#xEE;sar: &quot;Ji bo ku h&#xFB;n bi&#xE7;in kir&#xEE;n&#xEA; randev&#xFB;yek&#xEA; bidin.&quot;&#10; 4. Bi p&#xEA;n&#xFB;sa ku l&#xEE;steyek li ser hatiye niv&#xEE;sandin.&#10;Niv&#xEE;s: &quot;L&#xEE;steya kir&#xEE;n&#xEA; biniv&#xEE;se.&quot;&#10; 5. Kes&#xEA; bi selika kir&#xEE;n&#xEA;.&#10;Niv&#xEE;s: &quot;Heval&#xEA; te ji bo te di&#xE7;e kir&#xEE;n&#xEA;...&quot;&#10; 6. Dest&#xEA; qertek &#xE7;&#xEE;p bi kartxwendevanek Visa digire.&#10;Niv&#xEE;s: &quot;...&#xFB; ji bo kir&#xEE;n&#xEA; bi qerta peredan&#xEA; dide.&quot;&#10; 7. Destek banknot&#xEA;n din dide.&#10;Niv&#xEE;s: &quot;Tu m&#xEE;qdara dirav&#xEE; dide mirov...&quot;&#10; 8. Kesek t&#xFB;rikek dagirt&#xEE; dide y&#xEA; din.&#10;Niv&#xEE;sar: &quot;...&#xFB; h&#xFB;n kir&#xEE;na xwe dist&#xEE;nin.&quot;&#10; 9. Logoya qerta-ne-dravdan&#xEA;, dest&#xEA; qerta dravdan&#xEA; di &#xE7;emberek xa&#xE7;kir&#xEE; de digire.&#10;Niv&#xEE;s: &quot;Ji qert&#xEA;n dravdan&#xEA; re na.&quot;\" class=\"wp-image-273\" style=\"border-radius:30px\" srcset=\"https:\/\/nein-zur-bezahlkarte.de\/wp-content\/uploads\/2024\/11\/shopping-tandem.jpeg 843w, https:\/\/nein-zur-bezahlkarte.de\/wp-content\/uploads\/2024\/11\/shopping-tandem-225x300.jpeg 225w, https:\/\/nein-zur-bezahlkarte.de\/wp-content\/uploads\/2024\/11\/shopping-tandem-768x1024.jpeg 768w\" sizes=\"auto, (max-width: 843px) 100vw, 843px\" \/><\/figure>\n<\/div>\n\n\n\n<div class=\"wp-block-column has-accent-1-background-color has-background is-layout-flow wp-block-column-is-layout-flow\" style=\"padding-top:var(--wp--preset--spacing--30);padding-right:var(--wp--preset--spacing--30);padding-bottom:var(--wp--preset--spacing--30);padding-left:var(--wp--preset--spacing--30)\">\n<p class=\"has-x-large-font-size\"><strong><strong>dan\u00fbstendina voucher<\/strong><\/strong><\/p>\n\n\n\n<figure class=\"wp-block-gallery has-nested-images columns-6 wp-block-gallery-1 is-layout-flex wp-block-gallery-is-layout-flex\" style=\"border-style:none;border-width:0px\">\n<figure class=\"wp-block-image size-full\"><img loading=\"lazy\" decoding=\"async\" width=\"2560\" height=\"1695\" data-id=\"236\" src=\"https:\/\/nein-zur-bezahlkarte.de\/wp-content\/uploads\/2024\/11\/2560px-Dm_Logo.svg_.png\" alt=\"dm\" class=\"wp-image-236\" srcset=\"https:\/\/nein-zur-bezahlkarte.de\/wp-content\/uploads\/2024\/11\/2560px-Dm_Logo.svg_.png 2560w, https:\/\/nein-zur-bezahlkarte.de\/wp-content\/uploads\/2024\/11\/2560px-Dm_Logo.svg_-300x199.png 300w, https:\/\/nein-zur-bezahlkarte.de\/wp-content\/uploads\/2024\/11\/2560px-Dm_Logo.svg_-1024x678.png 1024w, https:\/\/nein-zur-bezahlkarte.de\/wp-content\/uploads\/2024\/11\/2560px-Dm_Logo.svg_-768x509.png 768w, https:\/\/nein-zur-bezahlkarte.de\/wp-content\/uploads\/2024\/11\/2560px-Dm_Logo.svg_-1536x1017.png 1536w, https:\/\/nein-zur-bezahlkarte.de\/wp-content\/uploads\/2024\/11\/2560px-Dm_Logo.svg_-2048x1356.png 2048w\" sizes=\"auto, (max-width: 2560px) 100vw, 2560px\" \/><\/figure>\n\n\n\n<figure class=\"wp-block-image size-full\"><img loading=\"lazy\" decoding=\"async\" width=\"1696\" height=\"2048\" data-id=\"235\" src=\"https:\/\/nein-zur-bezahlkarte.de\/wp-content\/uploads\/2024\/11\/Aldi_Sued_2017_logo.svg_.png\" alt=\"ALDI S&#xFC;d\" class=\"wp-image-235\" srcset=\"https:\/\/nein-zur-bezahlkarte.de\/wp-content\/uploads\/2024\/11\/Aldi_Sued_2017_logo.svg_.png 1696w, https:\/\/nein-zur-bezahlkarte.de\/wp-content\/uploads\/2024\/11\/Aldi_Sued_2017_logo.svg_-248x300.png 248w, https:\/\/nein-zur-bezahlkarte.de\/wp-content\/uploads\/2024\/11\/Aldi_Sued_2017_logo.svg_-848x1024.png 848w, https:\/\/nein-zur-bezahlkarte.de\/wp-content\/uploads\/2024\/11\/Aldi_Sued_2017_logo.svg_-768x927.png 768w, https:\/\/nein-zur-bezahlkarte.de\/wp-content\/uploads\/2024\/11\/Aldi_Sued_2017_logo.svg_-1272x1536.png 1272w\" sizes=\"auto, (max-width: 1696px) 100vw, 1696px\" \/><\/figure>\n\n\n\n<figure class=\"wp-block-image size-full\"><img loading=\"lazy\" decoding=\"async\" width=\"321\" height=\"157\" data-id=\"231\" src=\"https:\/\/nein-zur-bezahlkarte.de\/wp-content\/uploads\/2024\/11\/images.png\" alt=\"Alnatura\" class=\"wp-image-231\" srcset=\"https:\/\/nein-zur-bezahlkarte.de\/wp-content\/uploads\/2024\/11\/images.png 321w, https:\/\/nein-zur-bezahlkarte.de\/wp-content\/uploads\/2024\/11\/images-300x147.png 300w\" sizes=\"auto, (max-width: 321px) 100vw, 321px\" \/><\/figure>\n\n\n\n<figure class=\"wp-block-image size-full\"><img loading=\"lazy\" decoding=\"async\" width=\"2048\" height=\"2048\" data-id=\"234\" src=\"https:\/\/nein-zur-bezahlkarte.de\/wp-content\/uploads\/2024\/11\/Lidl-Logo.svg_.webp\" alt=\"LIDL\" class=\"wp-image-234\" srcset=\"https:\/\/nein-zur-bezahlkarte.de\/wp-content\/uploads\/2024\/11\/Lidl-Logo.svg_.webp 2048w, https:\/\/nein-zur-bezahlkarte.de\/wp-content\/uploads\/2024\/11\/Lidl-Logo.svg_-300x300.webp 300w, https:\/\/nein-zur-bezahlkarte.de\/wp-content\/uploads\/2024\/11\/Lidl-Logo.svg_-1024x1024.webp 1024w, https:\/\/nein-zur-bezahlkarte.de\/wp-content\/uploads\/2024\/11\/Lidl-Logo.svg_-150x150.webp 150w, https:\/\/nein-zur-bezahlkarte.de\/wp-content\/uploads\/2024\/11\/Lidl-Logo.svg_-768x768.webp 768w, https:\/\/nein-zur-bezahlkarte.de\/wp-content\/uploads\/2024\/11\/Lidl-Logo.svg_-1536x1536.webp 1536w\" sizes=\"auto, (max-width: 2048px) 100vw, 2048px\" \/><\/figure>\n\n\n\n<figure class=\"wp-block-image size-full\"><img loading=\"lazy\" decoding=\"async\" width=\"1693\" height=\"2047\" data-id=\"232\" src=\"https:\/\/nein-zur-bezahlkarte.de\/wp-content\/uploads\/2024\/11\/Logo_Edeka.svg_-1.png\" alt=\"EDEKA\" class=\"wp-image-232\" srcset=\"https:\/\/nein-zur-bezahlkarte.de\/wp-content\/uploads\/2024\/11\/Logo_Edeka.svg_-1.png 1693w, https:\/\/nein-zur-bezahlkarte.de\/wp-content\/uploads\/2024\/11\/Logo_Edeka.svg_-1-248x300.png 248w, https:\/\/nein-zur-bezahlkarte.de\/wp-content\/uploads\/2024\/11\/Logo_Edeka.svg_-1-847x1024.png 847w, https:\/\/nein-zur-bezahlkarte.de\/wp-content\/uploads\/2024\/11\/Logo_Edeka.svg_-1-768x929.png 768w, https:\/\/nein-zur-bezahlkarte.de\/wp-content\/uploads\/2024\/11\/Logo_Edeka.svg_-1-1270x1536.png 1270w\" sizes=\"auto, (max-width: 1693px) 100vw, 1693px\" \/><\/figure>\n\n\n\n<figure class=\"wp-block-image size-full\"><img loading=\"lazy\" decoding=\"async\" width=\"2560\" height=\"887\" data-id=\"233\" src=\"https:\/\/nein-zur-bezahlkarte.de\/wp-content\/uploads\/2024\/11\/Logo_REWE.svg_-1.png\" alt=\"REWE\" class=\"wp-image-233\" srcset=\"https:\/\/nein-zur-bezahlkarte.de\/wp-content\/uploads\/2024\/11\/Logo_REWE.svg_-1.png 2560w, https:\/\/nein-zur-bezahlkarte.de\/wp-content\/uploads\/2024\/11\/Logo_REWE.svg_-1-300x104.png 300w, https:\/\/nein-zur-bezahlkarte.de\/wp-content\/uploads\/2024\/11\/Logo_REWE.svg_-1-1024x355.png 1024w, https:\/\/nein-zur-bezahlkarte.de\/wp-content\/uploads\/2024\/11\/Logo_REWE.svg_-1-768x266.png 768w, https:\/\/nein-zur-bezahlkarte.de\/wp-content\/uploads\/2024\/11\/Logo_REWE.svg_-1-1536x532.png 1536w, https:\/\/nein-zur-bezahlkarte.de\/wp-content\/uploads\/2024\/11\/Logo_REWE.svg_-1-2048x710.png 2048w\" sizes=\"auto, (max-width: 2560px) 100vw, 2560px\" \/><\/figure>\n<\/figure>\n\n\n\n<p class=\"has-large-font-size\">Kes\u00ean xwed\u00ee qerta dravdan\u00ea dikarin bi kart\u00ea dravdan\u00ea li supermarketan f\u00ee\u015fey\u00ean kir\u00een\u00ea bikirin. Li cih\u00ean li ser nex\u015feya li j\u00ear h\u00fbn dikarin voucher\u00ean ku we kir\u00ee berhev bikin \u00fb bi drav biguhez\u00eenin. D\u00fbv re h\u00fbn dikarin qursan bikar b\u00eenin da ku bi\u00e7in kir\u00een\u00ea.  <\/p>\n<\/div>\n<\/div>\n\n<div class=\"wp-block-group alignfull has-base-background-color has-background has-small-font-size has-global-padding is-layout-constrained wp-container-core-group-is-layout-669513ed wp-block-group-is-layout-constrained\" style=\"border-style:none;border-width:0px;min-height:100vh;margin-top:0;margin-bottom:0;padding-top:var(--wp--preset--spacing--50);padding-right:var(--wp--preset--spacing--50);padding-bottom:var(--wp--preset--spacing--50);padding-left:var(--wp--preset--spacing--50)\">\n<h2 class=\"wp-block-heading has-x-large-font-size\"><strong>Cih\u00ean dan\u00fbstandin\u00ea li Brandenburg\u00ea:<\/strong><\/h2>\n\n\n\n<div class=\"wp-block-group alignfull has-global-padding is-layout-constrained wp-block-group-is-layout-constrained\">\n<iframe loading=\"lazy\" style=\"max-width: none;\" width=\"100%\" height=\"450px\" frameborder=\"0\" allowfullscreen=\"\" allow=\"geolocation\" src=\"\/\/umap.openstreetmap.de\/en\/map\/tauschorte-bezahlkarte_84085?scaleControl=false&#038;miniMap=false&#038;scrollWheelZoom=false&#038;zoomControl=true&#038;editMode=disabled&#038;moreControl=true&#038;searchControl=null&#038;tilelayersControl=null&#038;embedControl=null&#038;datalayersControl=true&#038;onLoadPanel=none&#038;captionBar=false&#038;captionMenus=true\"><\/iframe><p><a href=\"\/\/umap.openstreetmap.de\/de\/map\/tauschorte-brandenburgberlin_76502?scaleControl=false&#038;miniMap=false&#038;scrollWheelZoom=true&#038;zoomControl=true&#038;editMode=disabled&#038;moreControl=true&#038;searchControl=null&#038;tilelayersControl=null&#038;embedControl=null&#038;datalayersControl=true&#038;onLoadPanel=none&#038;captionBar=false&#038;captionMenus=true\">display full-screen<\/a><\/p>\n<\/div>\n\n\n\n<p class=\"has-large-font-size\"><strong>Navn\u00ee\u015fan \/ vebijark\u00ean p\u00eawendiy\u00ea ji bo cih\u00ean dan\u00fbstendin\u00ea:<\/strong><\/p>\n\n\n\n<details class=\"wp-block-details has-large-font-size is-layout-flow wp-block-details-is-layout-flow\"><summary>Brandenburg<\/summary>\n<div class=\"wp-block-columns is-layout-flex wp-container-core-columns-is-layout-28f84493 wp-block-columns-is-layout-flex\">\n<div class=\"wp-block-column is-layout-flow wp-block-column-is-layout-flow\" style=\"flex-basis:100%\">\n<figure class=\"wp-block-table is-style-stripes has-medium-font-size\" style=\"line-height:2\"><table class=\"has-fixed-layout\" style=\"border-style:none;border-width:0px\"><tbody><tr><td><strong>Ko?<\/strong><\/td><td><strong>Heke?<\/strong><\/td><td><strong>WHO?<\/strong><\/td><td><strong>Agahiy\u00ean hey\u00ee<\/strong><\/td><\/tr><tr><td>August-Bebel-Sr. 20a, 15344 Strausberg <\/td><td>her 2&#8217;y\u00ea \u00e7ar\u015fema meh\u00ea saet 16:00-18:00<\/td><td>bezahlkarte-strausberg@gmx.de<\/td><td><\/td><\/tr><tr><td>Seelow<\/td><td>13.05. 10.06. 15.07. 12.08. 09.09. 14.10. 11.11. 09.12.<\/td><td>t\u00eakil\u00ee: tauschen@freenet.de<\/td><td><\/td><\/tr><tr><td>Schmatzkammer,<br\/> Coppistr. 3, 16227<br\/> Eberswalde <\/td><td>her 2. p\u00eanc\u015fem\u00ea meh\u00ea ji saet 17:00<\/td><td>no-to-payment-card-barnim@posteo.de<\/td><td><a href=\"https:\/\/whatsapp.com\/channel\/0029Vb4LSD54CrfnKy1cfG0r\" target=\"_blank\" rel=\"noreferrer noopener\">https:\/\/whatsapp.com\/channel\/0029Vb4LSD54CrfnKy1cfG0r<\/a><\/td><\/tr><\/tbody><\/table><\/figure>\n<\/div>\n<\/div>\n<\/details>\n\n\n\n<details class=\"wp-block-details has-large-font-size is-layout-flow wp-block-details-is-layout-flow\"><summary>Berlin<\/summary>\n<figure class=\"wp-block-table is-style-stripes has-medium-font-size\" style=\"line-height:2\"><table class=\"has-fixed-layout\" style=\"border-style:none;border-width:0px\"><tbody><tr><td><strong>Ko?<\/strong><\/td><td><strong>Heke?<\/strong><\/td><td><strong>WHO?<\/strong><\/td><td><strong>Agahiy\u00ean hey\u00ee<\/strong><\/td><\/tr><tr><td>Kreuzberg: <a href=\"https:\/\/osm.org\/go\/0MbE4sG3M?m=&amp;node=2520313547\">Reichenbergerstra\u00dfe 73, 10999 Berl\u00een<\/a><\/td><td>Du\u015fem-P\u00eanc\u015fem 17:00-n\u00eev\u00ea \u015fev\u00ea, \u00cen \u2013 \u015eem\u00ee 5:00-2am  <\/td><td><a href=\"https:\/\/www.bistro-spumante.org\/\">Bistro Spumante<\/a><\/td><td>Ten\u00ea veguhastina kupon\u00ea<\/td><\/tr><tr><td>Kreuzberg: Lausitzerstrasse 21a, 10999 Berl\u00een<\/td><td>her Roja \u00cen\u00ea 6-8 pm<\/td><td>Solicaf\u00e9 \u00fb K\u00fcfa Regenbogenfabrik<\/td><td>Guhertina voucher:<br\/> her tim gengaz<br\/><br\/>Belavkirina kuponan:<br\/> 02.05. : gelek kupon ji bo day\u00een\u00ea <\/td><\/tr><tr><td>Kreuzberg: Oranienstra\u00dfe 21, 10999 Berl\u00een<\/td><td>Du\u015fem-\u00ce 12-6 pm<br\/> \u015eem\u00ee 12-4 pm<\/td><td>Pirt\u00fbkxaneya OH21<br\/><\/td><td>Ten\u00ea veguhastina kupon\u00ea<\/td><\/tr><tr><td>Friedrichshain: Rigaerstrasse 94, 12047 Berl\u00een<\/td><td>\u00c7ar\u015fem ji 20.00. ber&#8230;<\/td><td>K\u00fcfa li Kadterschmiede<br\/><\/td><td>http:\/\/rigaer94.squat.net\/bezahlkartenborse<\/td><\/tr><\/tbody><\/table><\/figure>\n\n\n\n<p><\/p>\n<\/details>\n\n\n\n<div class=\"wp-block-buttons is-layout-flex wp-block-buttons-is-layout-flex\">\n<div class=\"wp-block-button\"><a class=\"wp-block-button__link wp-element-button\" href=\"https:\/\/nein-zur-bezahlkarte.de\/ku\/pirsen-pir-pir-dipirsin\/\">Pirs\u00ean te hene?<\/a><\/div>\n<\/div>\n<\/div>\n\n<p><\/p>\n","protected":false},"excerpt":{"rendered":"<p>Kampanyay\u00ean dan\u00fbstendin\u00ea \u2013 li \u015f\u00fbna qerta drav\u00ea Li Brandenburg\u00ea penaber perey\u00ean xwe bi qerta peredan\u00ea dist\u00eenin. Bi v\u00ea kart\u00ea h\u00fbn nikarin meh\u00ea z\u00eadetir\u00ee 50 \u20ac drav bik\u015f\u00eenin. Ev s\u00eenor cudakar\u00ee ye. Ma h\u00fbn dixwazin bi kart\u00ean dravdan\u00ea pi\u015ftgir\u00ee bidin mirovan \u00fb ji wan re bibin al\u00eekar ku b\u00eatir drav\u00ea bist\u00eenin? Gelek away\u00ean ku v\u00ea yek\u00ea [&hellip;]<\/p>\n","protected":false},"author":5,"featured_media":0,"parent":0,"menu_order":0,"comment_status":"closed","ping_status":"closed","template":"","meta":{"footnotes":""},"class_list":["post-1623","page","type-page","status-publish","hentry"],"yoast_head":"<!-- This site is optimized with the Yoast SEO plugin v26.4 - https:\/\/yoast.com\/wordpress\/plugins\/seo\/ -->\n<title>B\u00eay\u00ee karta peredan\u00ea - Wir sagen Nein zur Bezahlkarte<\/title>\n<meta name=\"robots\" content=\"index, follow, max-snippet:-1, max-image-preview:large, max-video-preview:-1\" \/>\n<link rel=\"canonical\" href=\"https:\/\/nein-zur-bezahlkarte.de\/ku\/beyi-karta-peredane\/\" \/>\n<meta property=\"og:locale\" content=\"en_US\" \/>\n<meta property=\"og:type\" content=\"article\" \/>\n<meta property=\"og:title\" content=\"B\u00eay\u00ee karta peredan\u00ea - Wir sagen Nein zur Bezahlkarte\" \/>\n<meta property=\"og:description\" content=\"Kampanyay\u00ean dan\u00fbstendin\u00ea \u2013 li \u015f\u00fbna qerta drav\u00ea Li Brandenburg\u00ea penaber perey\u00ean xwe bi qerta peredan\u00ea dist\u00eenin. Bi v\u00ea kart\u00ea h\u00fbn nikarin meh\u00ea z\u00eadetir\u00ee 50 \u20ac drav bik\u015f\u00eenin. Ev s\u00eenor cudakar\u00ee ye. Ma h\u00fbn dixwazin bi kart\u00ean dravdan\u00ea pi\u015ftgir\u00ee bidin mirovan \u00fb ji wan re bibin al\u00eekar ku b\u00eatir drav\u00ea bist\u00eenin? Gelek away\u00ean ku v\u00ea yek\u00ea [&hellip;]\" \/>\n<meta property=\"og:url\" content=\"https:\/\/nein-zur-bezahlkarte.de\/ku\/beyi-karta-peredane\/\" \/>\n<meta property=\"og:site_name\" content=\"Wir sagen Nein zur Bezahlkarte\" \/>\n<meta property=\"article:modified_time\" content=\"2025-04-29T17:02:57+00:00\" \/>\n<meta property=\"og:image\" content=\"https:\/\/nein-zur-bezahlkarte.de\/wp-content\/uploads\/2024\/11\/shopping-tandem.jpeg\" \/>\n\t<meta property=\"og:image:width\" content=\"843\" \/>\n\t<meta property=\"og:image:height\" content=\"1124\" \/>\n\t<meta property=\"og:image:type\" content=\"image\/jpeg\" \/>\n<meta name=\"twitter:card\" content=\"summary_large_image\" \/>\n<meta name=\"twitter:label1\" content=\"Est. reading time\" \/>\n\t<meta name=\"twitter:data1\" content=\"2 \u062e\u0648\u0644\u06d5\u06a9\" \/>\n<script type=\"application\/ld+json\" class=\"yoast-schema-graph\">{\"@context\":\"https:\/\/schema.org\",\"@graph\":[{\"@type\":\"WebPage\",\"@id\":\"https:\/\/nein-zur-bezahlkarte.de\/ku\/beyi-karta-peredane\/\",\"url\":\"https:\/\/nein-zur-bezahlkarte.de\/ku\/beyi-karta-peredane\/\",\"name\":\"B\u00eay\u00ee karta peredan\u00ea - Wir sagen Nein zur Bezahlkarte\",\"isPartOf\":{\"@id\":\"https:\/\/nein-zur-bezahlkarte.de\/ku\/#website\"},\"primaryImageOfPage\":{\"@id\":\"https:\/\/nein-zur-bezahlkarte.de\/ku\/beyi-karta-peredane\/#primaryimage\"},\"image\":{\"@id\":\"https:\/\/nein-zur-bezahlkarte.de\/ku\/beyi-karta-peredane\/#primaryimage\"},\"thumbnailUrl\":\"https:\/\/nein-zur-bezahlkarte.de\/wp-content\/uploads\/2024\/11\/shopping-tandem.jpeg\",\"datePublished\":\"2024-11-22T22:35:20+00:00\",\"dateModified\":\"2025-04-29T17:02:57+00:00\",\"breadcrumb\":{\"@id\":\"https:\/\/nein-zur-bezahlkarte.de\/ku\/beyi-karta-peredane\/#breadcrumb\"},\"inLanguage\":\"ckb\",\"potentialAction\":[{\"@type\":\"ReadAction\",\"target\":[\"https:\/\/nein-zur-bezahlkarte.de\/ku\/beyi-karta-peredane\/\"]}]},{\"@type\":\"ImageObject\",\"inLanguage\":\"ckb\",\"@id\":\"https:\/\/nein-zur-bezahlkarte.de\/ku\/beyi-karta-peredane\/#primaryimage\",\"url\":\"https:\/\/nein-zur-bezahlkarte.de\/wp-content\/uploads\/2024\/11\/shopping-tandem.jpeg\",\"contentUrl\":\"https:\/\/nein-zur-bezahlkarte.de\/wp-content\/uploads\/2024\/11\/shopping-tandem.jpeg\"},{\"@type\":\"BreadcrumbList\",\"@id\":\"https:\/\/nein-zur-bezahlkarte.de\/ku\/beyi-karta-peredane\/#breadcrumb\",\"itemListElement\":[{\"@type\":\"ListItem\",\"position\":1,\"name\":\"Startseite\",\"item\":\"https:\/\/nein-zur-bezahlkarte.de\/ku\/\"},{\"@type\":\"ListItem\",\"position\":2,\"name\":\"B\u00eay\u00ee karta peredan\u00ea\"}]},{\"@type\":\"WebSite\",\"@id\":\"https:\/\/nein-zur-bezahlkarte.de\/ku\/#website\",\"url\":\"https:\/\/nein-zur-bezahlkarte.de\/ku\/\",\"name\":\"Wir sagen Nein zur Bezahlkarte\",\"description\":\"Impressum\",\"publisher\":{\"@id\":\"https:\/\/nein-zur-bezahlkarte.de\/ku\/#organization\"},\"potentialAction\":[{\"@type\":\"SearchAction\",\"target\":{\"@type\":\"EntryPoint\",\"urlTemplate\":\"https:\/\/nein-zur-bezahlkarte.de\/ku\/?s={search_term_string}\"},\"query-input\":{\"@type\":\"PropertyValueSpecification\",\"valueRequired\":true,\"valueName\":\"search_term_string\"}}],\"inLanguage\":\"ckb\"},{\"@type\":\"Organization\",\"@id\":\"https:\/\/nein-zur-bezahlkarte.de\/ku\/#organization\",\"name\":\"Wir sagen Nein zur Bezahlkarte\",\"url\":\"https:\/\/nein-zur-bezahlkarte.de\/ku\/\",\"logo\":{\"@type\":\"ImageObject\",\"inLanguage\":\"ckb\",\"@id\":\"https:\/\/nein-zur-bezahlkarte.de\/ku\/#\/schema\/logo\/image\/\",\"url\":\"https:\/\/nein-zur-bezahlkarte.de\/wp-content\/uploads\/2024\/11\/BZHLKRT_Logo_Vektoren_BRNDNBRG_Gelb.png\",\"contentUrl\":\"https:\/\/nein-zur-bezahlkarte.de\/wp-content\/uploads\/2024\/11\/BZHLKRT_Logo_Vektoren_BRNDNBRG_Gelb.png\",\"width\":5000,\"height\":5000,\"caption\":\"Wir sagen Nein zur Bezahlkarte\"},\"image\":{\"@id\":\"https:\/\/nein-zur-bezahlkarte.de\/ku\/#\/schema\/logo\/image\/\"}}]}<\/script>\n<!-- \/ Yoast SEO plugin. -->","yoast_head_json":{"title":"B\u00eay\u00ee karta peredan\u00ea - Wir sagen Nein zur Bezahlkarte","robots":{"index":"index","follow":"follow","max-snippet":"max-snippet:-1","max-image-preview":"max-image-preview:large","max-video-preview":"max-video-preview:-1"},"canonical":"https:\/\/nein-zur-bezahlkarte.de\/ku\/beyi-karta-peredane\/","og_locale":"en_US","og_type":"article","og_title":"B\u00eay\u00ee karta peredan\u00ea - Wir sagen Nein zur Bezahlkarte","og_description":"Kampanyay\u00ean dan\u00fbstendin\u00ea \u2013 li \u015f\u00fbna qerta drav\u00ea Li Brandenburg\u00ea penaber perey\u00ean xwe bi qerta peredan\u00ea dist\u00eenin. Bi v\u00ea kart\u00ea h\u00fbn nikarin meh\u00ea z\u00eadetir\u00ee 50 \u20ac drav bik\u015f\u00eenin. Ev s\u00eenor cudakar\u00ee ye. Ma h\u00fbn dixwazin bi kart\u00ean dravdan\u00ea pi\u015ftgir\u00ee bidin mirovan \u00fb ji wan re bibin al\u00eekar ku b\u00eatir drav\u00ea bist\u00eenin? Gelek away\u00ean ku v\u00ea yek\u00ea [&hellip;]","og_url":"https:\/\/nein-zur-bezahlkarte.de\/ku\/beyi-karta-peredane\/","og_site_name":"Wir sagen Nein zur Bezahlkarte","article_modified_time":"2025-04-29T17:02:57+00:00","og_image":[{"width":843,"height":1124,"url":"https:\/\/nein-zur-bezahlkarte.de\/wp-content\/uploads\/2024\/11\/shopping-tandem.jpeg","type":"image\/jpeg"}],"twitter_card":"summary_large_image","twitter_misc":{"Est. reading time":"2 \u062e\u0648\u0644\u06d5\u06a9"},"schema":{"@context":"https:\/\/schema.org","@graph":[{"@type":"WebPage","@id":"https:\/\/nein-zur-bezahlkarte.de\/ku\/beyi-karta-peredane\/","url":"https:\/\/nein-zur-bezahlkarte.de\/ku\/beyi-karta-peredane\/","name":"B\u00eay\u00ee karta peredan\u00ea - Wir sagen Nein zur Bezahlkarte","isPartOf":{"@id":"https:\/\/nein-zur-bezahlkarte.de\/ku\/#website"},"primaryImageOfPage":{"@id":"https:\/\/nein-zur-bezahlkarte.de\/ku\/beyi-karta-peredane\/#primaryimage"},"image":{"@id":"https:\/\/nein-zur-bezahlkarte.de\/ku\/beyi-karta-peredane\/#primaryimage"},"thumbnailUrl":"https:\/\/nein-zur-bezahlkarte.de\/wp-content\/uploads\/2024\/11\/shopping-tandem.jpeg","datePublished":"2024-11-22T22:35:20+00:00","dateModified":"2025-04-29T17:02:57+00:00","breadcrumb":{"@id":"https:\/\/nein-zur-bezahlkarte.de\/ku\/beyi-karta-peredane\/#breadcrumb"},"inLanguage":"ckb","potentialAction":[{"@type":"ReadAction","target":["https:\/\/nein-zur-bezahlkarte.de\/ku\/beyi-karta-peredane\/"]}]},{"@type":"ImageObject","inLanguage":"ckb","@id":"https:\/\/nein-zur-bezahlkarte.de\/ku\/beyi-karta-peredane\/#primaryimage","url":"https:\/\/nein-zur-bezahlkarte.de\/wp-content\/uploads\/2024\/11\/shopping-tandem.jpeg","contentUrl":"https:\/\/nein-zur-bezahlkarte.de\/wp-content\/uploads\/2024\/11\/shopping-tandem.jpeg"},{"@type":"BreadcrumbList","@id":"https:\/\/nein-zur-bezahlkarte.de\/ku\/beyi-karta-peredane\/#breadcrumb","itemListElement":[{"@type":"ListItem","position":1,"name":"Startseite","item":"https:\/\/nein-zur-bezahlkarte.de\/ku\/"},{"@type":"ListItem","position":2,"name":"B\u00eay\u00ee karta peredan\u00ea"}]},{"@type":"WebSite","@id":"https:\/\/nein-zur-bezahlkarte.de\/ku\/#website","url":"https:\/\/nein-zur-bezahlkarte.de\/ku\/","name":"Wir sagen Nein zur Bezahlkarte","description":"Impressum","publisher":{"@id":"https:\/\/nein-zur-bezahlkarte.de\/ku\/#organization"},"potentialAction":[{"@type":"SearchAction","target":{"@type":"EntryPoint","urlTemplate":"https:\/\/nein-zur-bezahlkarte.de\/ku\/?s={search_term_string}"},"query-input":{"@type":"PropertyValueSpecification","valueRequired":true,"valueName":"search_term_string"}}],"inLanguage":"ckb"},{"@type":"Organization","@id":"https:\/\/nein-zur-bezahlkarte.de\/ku\/#organization","name":"Wir sagen Nein zur Bezahlkarte","url":"https:\/\/nein-zur-bezahlkarte.de\/ku\/","logo":{"@type":"ImageObject","inLanguage":"ckb","@id":"https:\/\/nein-zur-bezahlkarte.de\/ku\/#\/schema\/logo\/image\/","url":"https:\/\/nein-zur-bezahlkarte.de\/wp-content\/uploads\/2024\/11\/BZHLKRT_Logo_Vektoren_BRNDNBRG_Gelb.png","contentUrl":"https:\/\/nein-zur-bezahlkarte.de\/wp-content\/uploads\/2024\/11\/BZHLKRT_Logo_Vektoren_BRNDNBRG_Gelb.png","width":5000,"height":5000,"caption":"Wir sagen Nein zur Bezahlkarte"},"image":{"@id":"https:\/\/nein-zur-bezahlkarte.de\/ku\/#\/schema\/logo\/image\/"}}]}},"_links":{"self":[{"href":"https:\/\/nein-zur-bezahlkarte.de\/ku\/wp-json\/wp\/v2\/pages\/1623","targetHints":{"allow":["GET"]}}],"collection":[{"href":"https:\/\/nein-zur-bezahlkarte.de\/ku\/wp-json\/wp\/v2\/pages"}],"about":[{"href":"https:\/\/nein-zur-bezahlkarte.de\/ku\/wp-json\/wp\/v2\/types\/page"}],"author":[{"embeddable":true,"href":"https:\/\/nein-zur-bezahlkarte.de\/ku\/wp-json\/wp\/v2\/users\/5"}],"replies":[{"embeddable":true,"href":"https:\/\/nein-zur-bezahlkarte.de\/ku\/wp-json\/wp\/v2\/comments?post=1623"}],"version-history":[{"count":16,"href":"https:\/\/nein-zur-bezahlkarte.de\/ku\/wp-json\/wp\/v2\/pages\/1623\/revisions"}],"predecessor-version":[{"id":2901,"href":"https:\/\/nein-zur-bezahlkarte.de\/ku\/wp-json\/wp\/v2\/pages\/1623\/revisions\/2901"}],"wp:attachment":[{"href":"https:\/\/nein-zur-bezahlkarte.de\/ku\/wp-json\/wp\/v2\/media?parent=1623"}],"curies":[{"name":"wp","href":"https:\/\/api.w.org\/{rel}","templated":true}]}}