{"id":1696,"date":"2025-01-15T13:28:36","date_gmt":"2025-01-15T12:28:36","guid":{"rendered":"https:\/\/nein-zur-bezahlkarte.de\/agahiyen-li-ser-karta-peredana\/"},"modified":"2025-02-04T09:39:47","modified_gmt":"2025-02-04T08:39:47","slug":"agahiyen-li-ser-karta-peredana","status":"publish","type":"page","link":"https:\/\/nein-zur-bezahlkarte.de\/ku\/agahiyen-li-ser-karta-peredana\/","title":{"rendered":"Agahiy\u00ean li ser karta peredana"},"content":{"rendered":"\n<p>Di N\u00eesana 2024-an de, Bundestag biryar da ku h\u00ead\u00ee h\u00ead\u00ee karta dravdan\u00ea li seranser\u00ea Almanyay\u00ea bide nasandin. Hik\u00fbmeta federal \u00fb 14 eyalet\u00ean federal w\u00ea dem\u00ea bi hev re biryar dan ku v\u00ea kart\u00ea bikar b\u00eenin. <\/p>\n\n<h3 class=\"wp-block-heading\"><strong>L\u00ea bi rast\u00ee qerta dravdan\u00ea \u00e7i ye \u00fb ew \u00e7awa dixebite?<\/strong><\/h3>\n\n<details class=\"wp-block-details has-border-color has-accent-1-border-color has-base-background-color has-background has-large-font-size is-layout-flow wp-container-core-details-is-layout-5ee245bb wp-block-details-is-layout-flow\" style=\"border-style:solid;border-width:4px;padding-top:var(--wp--preset--spacing--30);padding-right:var(--wp--preset--spacing--40);padding-bottom:var(--wp--preset--spacing--30);padding-left:var(--wp--preset--spacing--40);line-height:1.5\"><summary><strong><strong>Qerta peredan\u00ea \u00e7i ye?<\/strong><\/strong><\/summary>\n<p>Penaber div\u00ea al\u00eekariy\u00ean xwe y\u00ean mehane li ser karta peredan\u00ea bist\u00eenin. Kart bi xwe wek\u00ee qerta p\u00ea\u015fd\u00eetin\u00ea dixebite. Feydey\u00ean li gor\u00ee Qan\u00fbna Al\u00eekariy\u00ean Penaberan, ku ber\u00ea bi pere an j\u00ee bi veguhastina hesabek bingeh\u00een dihatin day\u00een, niha mehane ji bo qerta dravdan\u00ea t\u00eane hesibandin. Li gor\u00ee qerta EC an Visa ya normal, qerta dravdan\u00ea bi gelek qedexeyan ve gir\u00eaday\u00ee ye.   <br\/><br\/>Karta dravdan\u00ea yekem car li her\u00eama Brandenburg\u00ea li nav\u00e7eya M\u00e4rkisch-Oderland (MOL) di Gulana 2024 de hate p\u00ea\u015fk\u00ea\u015f kirin. Peymana sereke ji bo bic\u00eehkirin\u00ea ji p\u00ea\u015fk\u00ea\u015fvan\u00ea kar\u00fbbar\u00ea &#8220;Secupay&#8221; re hate day\u00een. Di MOL de, &#8220;Paycenter&#8221; wek\u00ee peydaker dixebite.  <\/p>\n\n\n\n<p>H\u00fbn dikarin b\u00eatir agahdar\u00ee li ser karta dravdan\u00ea li vir bib\u00eenin:<br\/> <a href=\"https:\/\/msgiv.brandenburg.de\/msgiv\/de\/presse\/pressemitteilungen\/detail\/~24-10-2024-bezahlkarte-bei-asylleistungen\">https:\/\/msgiv.brandenburg.de\/msgiv\/de\/presse\/pressemitteilungen\/detail\/~24-10-2024-bezahlkarte-bei-asylleistungen<\/a><\/p>\n<\/details>\n\n<details class=\"wp-block-details has-border-color has-accent-1-border-color has-base-background-color has-background has-large-font-size is-layout-flow wp-container-core-details-is-layout-5ee245bb wp-block-details-is-layout-flow\" style=\"border-style:solid;border-width:4px;padding-top:var(--wp--preset--spacing--30);padding-right:var(--wp--preset--spacing--40);padding-bottom:var(--wp--preset--spacing--30);padding-left:var(--wp--preset--spacing--40);line-height:1.5\"><summary><strong><strong>Ez \u00e7awa dikarim bi qerta dravdan\u00ea bidim?<\/strong><\/strong><\/summary>\n<p>Ten\u00ea hin kir\u00een dikarin bi kart\u00ea b\u00eane kirin. Ew ten\u00ea li c\u00eeh\u00ea ku dravdana qert\u00ea t\u00eane pejirandin dixebite. L\u00eabel\u00ea, li gelek deveran h\u00fbn dikarin ten\u00ea bi dirav bidin, m\u00eenak\u00ee li otobusan, li bankey\u00ean xwarin\u00ea, li bazar\u00ean heftane \u00fb di r\u00eaw\u00eetiy\u00ean dibistan\u00ea de.  <\/p>\n<\/details>\n\n<div class=\"wp-block-columns is-layout-flex wp-container-core-columns-is-layout-28f84493 wp-block-columns-is-layout-flex\">\n<div class=\"wp-block-column is-layout-flow wp-block-column-is-layout-flow\" style=\"flex-basis:100%\">\n<div class=\"wp-block-columns is-layout-flex wp-container-core-columns-is-layout-28f84493 wp-block-columns-is-layout-flex\">\n<div class=\"wp-block-column is-layout-flow wp-block-column-is-layout-flow\" style=\"flex-basis:100%\">\n<div class=\"wp-block-columns is-layout-flex wp-container-core-columns-is-layout-28f84493 wp-block-columns-is-layout-flex\">\n<div class=\"wp-block-column is-layout-flow wp-block-column-is-layout-flow\" style=\"flex-basis:100%\">\n<details class=\"wp-block-details has-border-color has-accent-1-border-color has-base-background-color has-background has-large-font-size is-layout-flow wp-container-core-details-is-layout-5ee245bb wp-block-details-is-layout-flow\" style=\"border-style:solid;border-width:4px;padding-top:var(--wp--preset--spacing--30);padding-right:var(--wp--preset--spacing--40);padding-bottom:var(--wp--preset--spacing--30);padding-left:var(--wp--preset--spacing--40);line-height:1.5\"><summary><strong><strong>Ez dikarim bi qerta dravdan\u00ea drav bik\u015f\u00eenim?<\/strong><\/strong><\/summary>\n<p>Er\u00ea, l\u00ea ten\u00ea bi r\u00eajeyek tix\u00fbbdar: dest\u00fbr t\u00ea day\u00een ku mezinan mehane 50 euro \u00fb zarok 25 euro veki\u015f\u00eenin (li MOL j\u00ee ji bo zarokan 50 euro ye). Ev m\u00eeqdara pi\u00e7\u00fbk ti\u015ft\u00ean rojane y\u00ean ku drav hewce dike dijwar dike. <br\/><br\/>Div\u00ea rayedar\u00ean feydey\u00ea bi ser\u00ea xwe kontrol bikin ka hewcedariy\u00ean z\u00eade hene an na, da ku m\u00eeqdarek drav\u00ea z\u00eade were day\u00een. P\u00eadiviy\u00ean z\u00eade dibe ku di rew\u015fa ducaniy\u00ea de (m\u00eenak ji bo xwarin, cil \u00fb berg an serdan\u00ean doktor), d\u00ea\u00fbbav\u00ean yekb\u00fby\u00ee, nexwe\u015f\u00ee \u00fb seqetiy\u00ea (m\u00eenak l\u00ea\u00e7\u00fbn\u00ean par\u00eaza taybet\u00ee, derman, al\u00eekar\u00ee), p\u00eadiviy\u00ean xwarin\u00ea y\u00ean taybet\u00ee (m\u00eenak \u015fekir an nexwe\u015fiya celiac) hwd. <br\/> <br\/>Da\u00eerey\u00ean refaha civak\u00ee div\u00ea bi \u00eensiyat\u00eefa xwe van hewcedariy\u00ean z\u00eade l\u00eakol\u00een bikin. Ji ber v\u00ea yek\u00ea h\u00eaja ye ku v\u00ea yek\u00ea careke din ji wan re \u00ee\u015faret bikin an bi xwe serl\u00eadanek bikin. Navend\u00ean \u015f\u00eawirmendiy\u00ea dikarin bi v\u00ea yek\u00ea re bibin al\u00eekar.  <\/p>\n<\/details>\n<\/div>\n<\/div>\n<\/div>\n<\/div>\n<\/div>\n<\/div>\n\n<details class=\"wp-block-details has-border-color has-accent-1-border-color has-base-background-color has-background has-large-font-size is-layout-flow wp-container-core-details-is-layout-5ee245bb wp-block-details-is-layout-flow\" style=\"border-style:solid;border-width:4px;padding-top:var(--wp--preset--spacing--30);padding-right:var(--wp--preset--spacing--40);padding-bottom:var(--wp--preset--spacing--30);padding-left:var(--wp--preset--spacing--40);line-height:1.5\"><summary><strong><strong>Veguheztin\u00ean bi qerta dravdan\u00ea \u00e7awa dixebitin?<\/strong><\/strong><\/summary>\n<p class=\"has-large-font-size\">Li Brandenburg\u00ea, ji bo veguheztin \u00fb dayinan bi gi\u015ft\u00ee hem navn\u00ee\u015fek qedexe \u00fb hem j\u00ee navn\u00ee\u015fek dest\u00fbr heye. Veguheztina pereyan ji bo parg\u00eedaniy\u00ean qumar\u00ea \u00fb dervey\u00ee wel\u00eat bi gelemper\u00ee qedexe ye \u00fb ji h\u00eala tekn\u00eek\u00ee ve t\u00eane asteng kirin. Perey\u00ean ji bo veguhestina gelemper\u00ee, par\u00eazer, rayedar \u00fb y\u00ean din t\u00eane dest\u00fbr kirin. Ev t\u00ea w\u00ea watey\u00ea ku ne p\u00eadiv\u00ee ye ku her drav ji h\u00eala da\u00eereya refaha civak\u00ee ve were pejirandin heke ew bikeve van kategoriyan. \u015earedar\u00ee gav bi gav navn\u00ee\u015fa IBANS-\u00ean dest\u00fbr \u00ean ku di kategoriy\u00ean dest\u00fbr de ne tije dikin.    <\/p>\n\n\n\n<p class=\"has-large-font-size\">Ji ber v\u00ea yek\u00ea hem\u00ee veguheztin\u00ean ji wergir\u00ean ku IBAN-a wan h\u00een nehatiye nav kirin an j\u00ee ne di kategoriy\u00ean dest\u00fbr de ne, div\u00ea ji h\u00eala da\u00eereya refaha civak\u00ee ve bi kesane werin kontrol kirin \u00fb pejirandin.<\/p>\n<\/details>\n\n<details class=\"wp-block-details has-border-color has-accent-1-border-color has-base-background-color has-background has-large-font-size is-layout-flow wp-container-core-details-is-layout-5ee245bb wp-block-details-is-layout-flow\" style=\"border-style:solid;border-width:4px;padding-top:var(--wp--preset--spacing--30);padding-right:var(--wp--preset--spacing--40);padding-bottom:var(--wp--preset--spacing--30);padding-left:var(--wp--preset--spacing--40);line-height:1.5\"><summary><strong><strong>\u00c7ima xelk li dij\u00ee qerta peredan\u00ea protesto dikin?<\/strong><\/strong><\/summary>\n<p class=\"has-large-font-size\">Karta peredan\u00ea neheq e \u00fb maf\u00ean bingeh\u00een binp\u00ea dike. Ji ber ku azad\u00ee \u00fb \u00e7aren\u00fbsa mirovan bi tund\u00ee s\u00eenordar dike, cih\u00eakar\u00ee ye! <br\/><br\/>H\u00fbn dikarin b\u00eatir agahdar\u00ee \u00fb arguman\u00ean li dij\u00ee qerta dravdan\u00ea li vir bib\u00eenin[Link folgt] . Ger h\u00fbn dixwazin bi kes\u00ean din re li dij\u00ee qert\u00ea bir\u00eaxistin bibin, h\u00fbn dikarin <a href=\"https:\/\/nein-zur-bezahlkarte.de\/ku\/calak-bibin\/\">li vir form\u00ean \u00e7alakiy\u00ea \u00fb c\u00eeh\u00ean dan\u00fbstendin\u00ea<\/a> bib\u00eenin. <\/p>\n<\/details>\n\n<p class=\"has-large-font-size\">H\u00fbn nikarin bersiva pirsa xwe bib\u00eenin? Ji me re e-nameyek bi\u015f\u00eenin. <\/p>\n\n<p><\/p>\n\n<p><\/p>\n\n<p><\/p>\n","protected":false},"excerpt":{"rendered":"<p>Di N\u00eesana 2024-an de, Bundestag biryar da ku h\u00ead\u00ee h\u00ead\u00ee karta dravdan\u00ea li seranser\u00ea Almanyay\u00ea bide nasandin. Hik\u00fbmeta federal \u00fb 14 eyalet\u00ean federal w\u00ea dem\u00ea bi hev re biryar dan ku v\u00ea kart\u00ea bikar b\u00eenin. L\u00ea bi rast\u00ee qerta dravdan\u00ea \u00e7i ye \u00fb ew \u00e7awa dixebite? H\u00fbn nikarin bersiva pirsa xwe bib\u00eenin? Ji me re [&hellip;]<\/p>\n","protected":false},"author":8,"featured_media":964,"parent":0,"menu_order":0,"comment_status":"closed","ping_status":"closed","template":"","meta":{"footnotes":""},"class_list":["post-1696","page","type-page","status-publish","has-post-thumbnail","hentry"],"yoast_head":"<!-- This site is optimized with the Yoast SEO plugin v26.4 - https:\/\/yoast.com\/wordpress\/plugins\/seo\/ -->\n<title>Agahiy\u00ean li ser karta peredana - Wir sagen Nein zur Bezahlkarte<\/title>\n<meta name=\"robots\" content=\"index, follow, max-snippet:-1, max-image-preview:large, max-video-preview:-1\" \/>\n<link rel=\"canonical\" href=\"https:\/\/nein-zur-bezahlkarte.de\/ku\/agahiyen-li-ser-karta-peredana\/\" \/>\n<meta property=\"og:locale\" content=\"en_US\" \/>\n<meta property=\"og:type\" content=\"article\" \/>\n<meta property=\"og:title\" content=\"Agahiy\u00ean li ser karta peredana - Wir sagen Nein zur Bezahlkarte\" \/>\n<meta property=\"og:description\" content=\"Di N\u00eesana 2024-an de, Bundestag biryar da ku h\u00ead\u00ee h\u00ead\u00ee karta dravdan\u00ea li seranser\u00ea Almanyay\u00ea bide nasandin. Hik\u00fbmeta federal \u00fb 14 eyalet\u00ean federal w\u00ea dem\u00ea bi hev re biryar dan ku v\u00ea kart\u00ea bikar b\u00eenin. L\u00ea bi rast\u00ee qerta dravdan\u00ea \u00e7i ye \u00fb ew \u00e7awa dixebite? H\u00fbn nikarin bersiva pirsa xwe bib\u00eenin? Ji me re [&hellip;]\" \/>\n<meta property=\"og:url\" content=\"https:\/\/nein-zur-bezahlkarte.de\/ku\/agahiyen-li-ser-karta-peredana\/\" \/>\n<meta property=\"og:site_name\" content=\"Wir sagen Nein zur Bezahlkarte\" \/>\n<meta property=\"article:modified_time\" content=\"2025-02-04T08:39:47+00:00\" \/>\n<meta property=\"og:image\" content=\"https:\/\/nein-zur-bezahlkarte.de\/wp-content\/uploads\/2024\/12\/Vector_WikiAnswers_Orange_Avatar_Question_Man.svg_.png\" \/>\n\t<meta property=\"og:image:width\" content=\"600\" \/>\n\t<meta property=\"og:image:height\" content=\"600\" \/>\n\t<meta property=\"og:image:type\" content=\"image\/png\" \/>\n<meta name=\"twitter:card\" content=\"summary_large_image\" \/>\n<meta name=\"twitter:label1\" content=\"Est. reading time\" \/>\n\t<meta name=\"twitter:data1\" content=\"4 \u062e\u0648\u0644\u06d5\u06a9\" \/>\n<script type=\"application\/ld+json\" class=\"yoast-schema-graph\">{\"@context\":\"https:\/\/schema.org\",\"@graph\":[{\"@type\":\"WebPage\",\"@id\":\"https:\/\/nein-zur-bezahlkarte.de\/ku\/agahiyen-li-ser-karta-peredana\/\",\"url\":\"https:\/\/nein-zur-bezahlkarte.de\/ku\/agahiyen-li-ser-karta-peredana\/\",\"name\":\"Agahiy\u00ean li ser karta peredana - Wir sagen Nein zur Bezahlkarte\",\"isPartOf\":{\"@id\":\"https:\/\/nein-zur-bezahlkarte.de\/ku\/#website\"},\"primaryImageOfPage\":{\"@id\":\"https:\/\/nein-zur-bezahlkarte.de\/ku\/agahiyen-li-ser-karta-peredana\/#primaryimage\"},\"image\":{\"@id\":\"https:\/\/nein-zur-bezahlkarte.de\/ku\/agahiyen-li-ser-karta-peredana\/#primaryimage\"},\"thumbnailUrl\":\"https:\/\/nein-zur-bezahlkarte.de\/wp-content\/uploads\/2024\/12\/Vector_WikiAnswers_Orange_Avatar_Question_Man.svg_.png\",\"datePublished\":\"2025-01-15T12:28:36+00:00\",\"dateModified\":\"2025-02-04T08:39:47+00:00\",\"breadcrumb\":{\"@id\":\"https:\/\/nein-zur-bezahlkarte.de\/ku\/agahiyen-li-ser-karta-peredana\/#breadcrumb\"},\"inLanguage\":\"ckb\",\"potentialAction\":[{\"@type\":\"ReadAction\",\"target\":[\"https:\/\/nein-zur-bezahlkarte.de\/ku\/agahiyen-li-ser-karta-peredana\/\"]}]},{\"@type\":\"ImageObject\",\"inLanguage\":\"ckb\",\"@id\":\"https:\/\/nein-zur-bezahlkarte.de\/ku\/agahiyen-li-ser-karta-peredana\/#primaryimage\",\"url\":\"https:\/\/nein-zur-bezahlkarte.de\/wp-content\/uploads\/2024\/12\/Vector_WikiAnswers_Orange_Avatar_Question_Man.svg_.png\",\"contentUrl\":\"https:\/\/nein-zur-bezahlkarte.de\/wp-content\/uploads\/2024\/12\/Vector_WikiAnswers_Orange_Avatar_Question_Man.svg_.png\",\"width\":600,\"height\":600},{\"@type\":\"BreadcrumbList\",\"@id\":\"https:\/\/nein-zur-bezahlkarte.de\/ku\/agahiyen-li-ser-karta-peredana\/#breadcrumb\",\"itemListElement\":[{\"@type\":\"ListItem\",\"position\":1,\"name\":\"Startseite\",\"item\":\"https:\/\/nein-zur-bezahlkarte.de\/ku\/\"},{\"@type\":\"ListItem\",\"position\":2,\"name\":\"Agahiy\u00ean li ser karta peredana\"}]},{\"@type\":\"WebSite\",\"@id\":\"https:\/\/nein-zur-bezahlkarte.de\/ku\/#website\",\"url\":\"https:\/\/nein-zur-bezahlkarte.de\/ku\/\",\"name\":\"Wir sagen Nein zur Bezahlkarte\",\"description\":\"Impressum\",\"publisher\":{\"@id\":\"https:\/\/nein-zur-bezahlkarte.de\/ku\/#organization\"},\"potentialAction\":[{\"@type\":\"SearchAction\",\"target\":{\"@type\":\"EntryPoint\",\"urlTemplate\":\"https:\/\/nein-zur-bezahlkarte.de\/ku\/?s={search_term_string}\"},\"query-input\":{\"@type\":\"PropertyValueSpecification\",\"valueRequired\":true,\"valueName\":\"search_term_string\"}}],\"inLanguage\":\"ckb\"},{\"@type\":\"Organization\",\"@id\":\"https:\/\/nein-zur-bezahlkarte.de\/ku\/#organization\",\"name\":\"Wir sagen Nein zur Bezahlkarte\",\"url\":\"https:\/\/nein-zur-bezahlkarte.de\/ku\/\",\"logo\":{\"@type\":\"ImageObject\",\"inLanguage\":\"ckb\",\"@id\":\"https:\/\/nein-zur-bezahlkarte.de\/ku\/#\/schema\/logo\/image\/\",\"url\":\"https:\/\/nein-zur-bezahlkarte.de\/wp-content\/uploads\/2024\/11\/BZHLKRT_Logo_Vektoren_BRNDNBRG_Gelb.png\",\"contentUrl\":\"https:\/\/nein-zur-bezahlkarte.de\/wp-content\/uploads\/2024\/11\/BZHLKRT_Logo_Vektoren_BRNDNBRG_Gelb.png\",\"width\":5000,\"height\":5000,\"caption\":\"Wir sagen Nein zur Bezahlkarte\"},\"image\":{\"@id\":\"https:\/\/nein-zur-bezahlkarte.de\/ku\/#\/schema\/logo\/image\/\"}}]}<\/script>\n<!-- \/ Yoast SEO plugin. -->","yoast_head_json":{"title":"Agahiy\u00ean li ser karta peredana - Wir sagen Nein zur Bezahlkarte","robots":{"index":"index","follow":"follow","max-snippet":"max-snippet:-1","max-image-preview":"max-image-preview:large","max-video-preview":"max-video-preview:-1"},"canonical":"https:\/\/nein-zur-bezahlkarte.de\/ku\/agahiyen-li-ser-karta-peredana\/","og_locale":"en_US","og_type":"article","og_title":"Agahiy\u00ean li ser karta peredana - Wir sagen Nein zur Bezahlkarte","og_description":"Di N\u00eesana 2024-an de, Bundestag biryar da ku h\u00ead\u00ee h\u00ead\u00ee karta dravdan\u00ea li seranser\u00ea Almanyay\u00ea bide nasandin. Hik\u00fbmeta federal \u00fb 14 eyalet\u00ean federal w\u00ea dem\u00ea bi hev re biryar dan ku v\u00ea kart\u00ea bikar b\u00eenin. L\u00ea bi rast\u00ee qerta dravdan\u00ea \u00e7i ye \u00fb ew \u00e7awa dixebite? H\u00fbn nikarin bersiva pirsa xwe bib\u00eenin? Ji me re [&hellip;]","og_url":"https:\/\/nein-zur-bezahlkarte.de\/ku\/agahiyen-li-ser-karta-peredana\/","og_site_name":"Wir sagen Nein zur Bezahlkarte","article_modified_time":"2025-02-04T08:39:47+00:00","og_image":[{"width":600,"height":600,"url":"https:\/\/nein-zur-bezahlkarte.de\/wp-content\/uploads\/2024\/12\/Vector_WikiAnswers_Orange_Avatar_Question_Man.svg_.png","type":"image\/png"}],"twitter_card":"summary_large_image","twitter_misc":{"Est. reading time":"4 \u062e\u0648\u0644\u06d5\u06a9"},"schema":{"@context":"https:\/\/schema.org","@graph":[{"@type":"WebPage","@id":"https:\/\/nein-zur-bezahlkarte.de\/ku\/agahiyen-li-ser-karta-peredana\/","url":"https:\/\/nein-zur-bezahlkarte.de\/ku\/agahiyen-li-ser-karta-peredana\/","name":"Agahiy\u00ean li ser karta peredana - Wir sagen Nein zur Bezahlkarte","isPartOf":{"@id":"https:\/\/nein-zur-bezahlkarte.de\/ku\/#website"},"primaryImageOfPage":{"@id":"https:\/\/nein-zur-bezahlkarte.de\/ku\/agahiyen-li-ser-karta-peredana\/#primaryimage"},"image":{"@id":"https:\/\/nein-zur-bezahlkarte.de\/ku\/agahiyen-li-ser-karta-peredana\/#primaryimage"},"thumbnailUrl":"https:\/\/nein-zur-bezahlkarte.de\/wp-content\/uploads\/2024\/12\/Vector_WikiAnswers_Orange_Avatar_Question_Man.svg_.png","datePublished":"2025-01-15T12:28:36+00:00","dateModified":"2025-02-04T08:39:47+00:00","breadcrumb":{"@id":"https:\/\/nein-zur-bezahlkarte.de\/ku\/agahiyen-li-ser-karta-peredana\/#breadcrumb"},"inLanguage":"ckb","potentialAction":[{"@type":"ReadAction","target":["https:\/\/nein-zur-bezahlkarte.de\/ku\/agahiyen-li-ser-karta-peredana\/"]}]},{"@type":"ImageObject","inLanguage":"ckb","@id":"https:\/\/nein-zur-bezahlkarte.de\/ku\/agahiyen-li-ser-karta-peredana\/#primaryimage","url":"https:\/\/nein-zur-bezahlkarte.de\/wp-content\/uploads\/2024\/12\/Vector_WikiAnswers_Orange_Avatar_Question_Man.svg_.png","contentUrl":"https:\/\/nein-zur-bezahlkarte.de\/wp-content\/uploads\/2024\/12\/Vector_WikiAnswers_Orange_Avatar_Question_Man.svg_.png","width":600,"height":600},{"@type":"BreadcrumbList","@id":"https:\/\/nein-zur-bezahlkarte.de\/ku\/agahiyen-li-ser-karta-peredana\/#breadcrumb","itemListElement":[{"@type":"ListItem","position":1,"name":"Startseite","item":"https:\/\/nein-zur-bezahlkarte.de\/ku\/"},{"@type":"ListItem","position":2,"name":"Agahiy\u00ean li ser karta peredana"}]},{"@type":"WebSite","@id":"https:\/\/nein-zur-bezahlkarte.de\/ku\/#website","url":"https:\/\/nein-zur-bezahlkarte.de\/ku\/","name":"Wir sagen Nein zur Bezahlkarte","description":"Impressum","publisher":{"@id":"https:\/\/nein-zur-bezahlkarte.de\/ku\/#organization"},"potentialAction":[{"@type":"SearchAction","target":{"@type":"EntryPoint","urlTemplate":"https:\/\/nein-zur-bezahlkarte.de\/ku\/?s={search_term_string}"},"query-input":{"@type":"PropertyValueSpecification","valueRequired":true,"valueName":"search_term_string"}}],"inLanguage":"ckb"},{"@type":"Organization","@id":"https:\/\/nein-zur-bezahlkarte.de\/ku\/#organization","name":"Wir sagen Nein zur Bezahlkarte","url":"https:\/\/nein-zur-bezahlkarte.de\/ku\/","logo":{"@type":"ImageObject","inLanguage":"ckb","@id":"https:\/\/nein-zur-bezahlkarte.de\/ku\/#\/schema\/logo\/image\/","url":"https:\/\/nein-zur-bezahlkarte.de\/wp-content\/uploads\/2024\/11\/BZHLKRT_Logo_Vektoren_BRNDNBRG_Gelb.png","contentUrl":"https:\/\/nein-zur-bezahlkarte.de\/wp-content\/uploads\/2024\/11\/BZHLKRT_Logo_Vektoren_BRNDNBRG_Gelb.png","width":5000,"height":5000,"caption":"Wir sagen Nein zur Bezahlkarte"},"image":{"@id":"https:\/\/nein-zur-bezahlkarte.de\/ku\/#\/schema\/logo\/image\/"}}]}},"_links":{"self":[{"href":"https:\/\/nein-zur-bezahlkarte.de\/ku\/wp-json\/wp\/v2\/pages\/1696","targetHints":{"allow":["GET"]}}],"collection":[{"href":"https:\/\/nein-zur-bezahlkarte.de\/ku\/wp-json\/wp\/v2\/pages"}],"about":[{"href":"https:\/\/nein-zur-bezahlkarte.de\/ku\/wp-json\/wp\/v2\/types\/page"}],"author":[{"embeddable":true,"href":"https:\/\/nein-zur-bezahlkarte.de\/ku\/wp-json\/wp\/v2\/users\/8"}],"replies":[{"embeddable":true,"href":"https:\/\/nein-zur-bezahlkarte.de\/ku\/wp-json\/wp\/v2\/comments?post=1696"}],"version-history":[{"count":1,"href":"https:\/\/nein-zur-bezahlkarte.de\/ku\/wp-json\/wp\/v2\/pages\/1696\/revisions"}],"predecessor-version":[{"id":1697,"href":"https:\/\/nein-zur-bezahlkarte.de\/ku\/wp-json\/wp\/v2\/pages\/1696\/revisions\/1697"}],"wp:featuredmedia":[{"embeddable":true,"href":"https:\/\/nein-zur-bezahlkarte.de\/ku\/wp-json\/wp\/v2\/media\/964"}],"wp:attachment":[{"href":"https:\/\/nein-zur-bezahlkarte.de\/ku\/wp-json\/wp\/v2\/media?parent=1696"}],"curies":[{"name":"wp","href":"https:\/\/api.w.org\/{rel}","templated":true}]}}